{"id":2582,"date":"2025-10-04T11:19:49","date_gmt":"2025-10-04T09:19:49","guid":{"rendered":"https:\/\/beratung.vamtam.com\/?page_id=2582"},"modified":"2026-01-23T11:12:19","modified_gmt":"2026-01-23T10:12:19","slug":"andrea-bovarini","status":"publish","type":"page","link":"https:\/\/lafrenchtechitaly.com\/it\/board\/andrea-bovarini\/","title":{"rendered":"Andrea Bovarini"},"content":{"rendered":"\t\t<div data-elementor-type=\"wp-page\" data-elementor-id=\"2582\" class=\"elementor elementor-2582\" data-elementor-post-type=\"page\">\n\t\t\t\t\t\t<section class=\"elementor-section elementor-top-section elementor-element elementor-element-3b44afe9 elementor-reverse-mobile elementor-reverse-tablet elementor-section-boxed elementor-section-height-default elementor-section-height-default\" data-id=\"3b44afe9\" data-element_type=\"section\" data-e-type=\"section\">\n\t\t\t\t\t\t<div class=\"elementor-container elementor-column-gap-no\">\n\t\t\t\t\t<div class=\"elementor-column elementor-col-50 elementor-top-column elementor-element elementor-element-71fdd84c\" data-id=\"71fdd84c\" data-element_type=\"column\" data-e-type=\"column\">\n\t\t\t<div class=\"elementor-widget-wrap elementor-element-populated\">\n\t\t\t\t\t\t<div class=\"elementor-element elementor-element-39dd34a9 elementor-align-start elementor-icon-list--layout-traditional elementor-list-item-link-full_width elementor-widget elementor-widget-icon-list\" data-id=\"39dd34a9\" data-element_type=\"widget\" data-e-type=\"widget\" data-widget_type=\"icon-list.default\">\n\t\t\t\t<div class=\"elementor-widget-container\">\n\t\t\t\t\t\t\t<ul class=\"elementor-icon-list-items\">\n\t\t\t\t\t\t\t<li class=\"elementor-icon-list-item\">\n\t\t\t\t\t\t\t\t\t\t\t<span class=\"elementor-icon-list-icon\">\n\t\t\t\t\t\t\t<i aria-hidden=\"true\" class=\"vamtamtheme- vamtam-theme-brand-symbol\"><\/i>\t\t\t\t\t\t<\/span>\n\t\t\t\t\t\t\t\t\t\t<span class=\"elementor-icon-list-text\">Expertises<\/span>\n\t\t\t\t\t\t\t\t\t<\/li>\n\t\t\t\t\t\t<\/ul>\n\t\t\t\t\t\t<\/div>\n\t\t\t\t<\/div>\n\t\t\t\t<div class=\"elementor-element elementor-element-799813e elementor-position-inline-end elementor-mobile-position-inline-end elementor-view-default elementor-widget elementor-widget-icon-box\" data-id=\"799813e\" data-element_type=\"widget\" data-e-type=\"widget\" data-widget_type=\"icon-box.default\">\n\t\t\t\t<div class=\"elementor-widget-container\">\n\t\t\t\t\t\t\t<div class=\"elementor-icon-box-wrapper\">\n\n\t\t\t\t\t\t<div class=\"elementor-icon-box-icon\">\n\t\t\t\t<span  class=\"elementor-icon\">\n\t\t\t\t<i aria-hidden=\"true\" class=\"vamtamtheme- vamtam-theme-arrow-right-list\"><\/i>\t\t\t\t<\/span>\n\t\t\t<\/div>\n\t\t\t\n\t\t\t\t\t\t<div class=\"elementor-icon-box-content\">\n\n\t\t\t\t\t\t\t\t\t<div class=\"elementor-icon-box-title\">\n\t\t\t\t\t\t<span  >\n\t\t\t\t\t\t\tInternational Business Development &amp; Go-to-Market Strategy\t\t\t\t\t\t<\/span>\n\t\t\t\t\t<\/div>\n\t\t\t\t\n\t\t\t\t\t\t\t\t\t<p class=\"elementor-icon-box-description\">\n\t\t\t\t\t\tPilotage de l\u2019expansion internationale, d\u00e9veloppement de nouveaux march\u00e9s et gestion de P&amp;L multi-r\u00e9gions.\nExpertise dans le scaling de solutions tech et MarTech en Europe.\t\t\t\t\t<\/p>\n\t\t\t\t\n\t\t\t<\/div>\n\t\t\t\n\t\t<\/div>\n\t\t\t\t\t\t<\/div>\n\t\t\t\t<\/div>\n\t\t\t\t<div class=\"elementor-element elementor-element-164de1e elementor-position-inline-end elementor-mobile-position-inline-end elementor-view-default elementor-widget elementor-widget-icon-box\" data-id=\"164de1e\" data-element_type=\"widget\" data-e-type=\"widget\" data-widget_type=\"icon-box.default\">\n\t\t\t\t<div class=\"elementor-widget-container\">\n\t\t\t\t\t\t\t<div class=\"elementor-icon-box-wrapper\">\n\n\t\t\t\t\t\t<div class=\"elementor-icon-box-icon\">\n\t\t\t\t<span  class=\"elementor-icon\">\n\t\t\t\t<i aria-hidden=\"true\" class=\"vamtamtheme- vamtam-theme-arrow-right-list\"><\/i>\t\t\t\t<\/span>\n\t\t\t<\/div>\n\t\t\t\n\t\t\t\t\t\t<div class=\"elementor-icon-box-content\">\n\n\t\t\t\t\t\t\t\t\t<div class=\"elementor-icon-box-title\">\n\t\t\t\t\t\t<span  >\n\t\t\t\t\t\t\tData-Driven Marketing &amp; Attribution Models\t\t\t\t\t\t<\/span>\n\t\t\t\t\t<\/div>\n\t\t\t\t\n\t\t\t\t\t\t\t\t\t<p class=\"elementor-icon-box-description\">\n\t\t\t\t\t\tSp\u00e9cialiste du first-party data, de l\u2019attribution cross-channel et du server-side tracking.\nOptimisation de la performance m\u00e9dia et am\u00e9lioration du ROI gr\u00e2ce \u00e0 des m\u00e9thodologies avanc\u00e9es.\t\t\t\t\t<\/p>\n\t\t\t\t\n\t\t\t<\/div>\n\t\t\t\n\t\t<\/div>\n\t\t\t\t\t\t<\/div>\n\t\t\t\t<\/div>\n\t\t\t\t<div class=\"elementor-element elementor-element-18bd490 elementor-position-inline-end elementor-mobile-position-inline-end elementor-view-default elementor-widget elementor-widget-icon-box\" data-id=\"18bd490\" data-element_type=\"widget\" data-e-type=\"widget\" data-widget_type=\"icon-box.default\">\n\t\t\t\t<div class=\"elementor-widget-container\">\n\t\t\t\t\t\t\t<div class=\"elementor-icon-box-wrapper\">\n\n\t\t\t\t\t\t<div class=\"elementor-icon-box-icon\">\n\t\t\t\t<span  class=\"elementor-icon\">\n\t\t\t\t<i aria-hidden=\"true\" class=\"vamtamtheme- vamtam-theme-arrow-right-list\"><\/i>\t\t\t\t<\/span>\n\t\t\t<\/div>\n\t\t\t\n\t\t\t\t\t\t<div class=\"elementor-icon-box-content\">\n\n\t\t\t\t\t\t\t\t\t<div class=\"elementor-icon-box-title\">\n\t\t\t\t\t\t<span  >\n\t\t\t\t\t\t\tMarTech Innovation &amp; Digital Transformation\t\t\t\t\t\t<\/span>\n\t\t\t\t\t<\/div>\n\t\t\t\t\n\t\t\t\t\t\t\t\t\t<p class=\"elementor-icon-box-description\">\n\t\t\t\t\t\tAccompagnement des marques et agences dans la modernisation de leurs strat\u00e9gies marketing. Int\u00e9gration de solutions technologiques pour renforcer l\u2019efficacit\u00e9, la mesure et la croissance durable.\t\t\t\t\t<\/p>\n\t\t\t\t\n\t\t\t<\/div>\n\t\t\t\n\t\t<\/div>\n\t\t\t\t\t\t<\/div>\n\t\t\t\t<\/div>\n\t\t\t\t\t<\/div>\n\t\t<\/div>\n\t\t\t\t<div class=\"elementor-column elementor-col-50 elementor-top-column elementor-element elementor-element-1e5aee39\" data-id=\"1e5aee39\" data-element_type=\"column\" data-e-type=\"column\">\n\t\t\t<div class=\"elementor-widget-wrap elementor-element-populated\">\n\t\t\t\t\t\t<section class=\"elementor-section elementor-inner-section elementor-element elementor-element-32a736ea elementor-section-full_width elementor-section-height-default elementor-section-height-default\" data-id=\"32a736ea\" data-element_type=\"section\" data-e-type=\"section\">\n\t\t\t\t\t\t<div class=\"elementor-container elementor-column-gap-no\">\n\t\t\t\t\t<div class=\"elementor-column elementor-col-100 elementor-inner-column elementor-element elementor-element-42c597c4\" data-id=\"42c597c4\" data-element_type=\"column\" data-e-type=\"column\">\n\t\t\t<div class=\"elementor-widget-wrap elementor-element-populated\">\n\t\t\t\t\t\t<div class=\"elementor-element elementor-element-6ab9632b elementor-align-start elementor-icon-list--layout-traditional elementor-list-item-link-full_width elementor-widget elementor-widget-icon-list\" data-id=\"6ab9632b\" data-element_type=\"widget\" data-e-type=\"widget\" data-widget_type=\"icon-list.default\">\n\t\t\t\t<div class=\"elementor-widget-container\">\n\t\t\t\t\t\t\t<ul class=\"elementor-icon-list-items\">\n\t\t\t\t\t\t\t<li class=\"elementor-icon-list-item\">\n\t\t\t\t\t\t\t\t\t\t\t<span class=\"elementor-icon-list-icon\">\n\t\t\t\t\t\t\t<i aria-hidden=\"true\" class=\"vamtamtheme- vamtam-theme-brand-symbol\"><\/i>\t\t\t\t\t\t<\/span>\n\t\t\t\t\t\t\t\t\t\t<span class=\"elementor-icon-list-text\">A propos de  Andrea Bovarini<\/span>\n\t\t\t\t\t\t\t\t\t<\/li>\n\t\t\t\t\t\t<\/ul>\n\t\t\t\t\t\t<\/div>\n\t\t\t\t<\/div>\n\t\t\t\t<div class=\"vamtam-has-theme-widget-styles elementor-element elementor-element-513ec15e elementor-widget elementor-widget-text-editor\" data-id=\"513ec15e\" data-element_type=\"widget\" data-e-type=\"widget\" data-widget_type=\"text-editor.default\">\n\t\t\t\t<div class=\"elementor-widget-container\">\n\t\t\t\t\t\t\t\t\t<div class=\"flex flex-col text-sm @w-xl\/main:pt-header-height pb-25\"><article class=\"text-token-text-primary w-full focus:outline-none [--shadow-height:45px] has-data-writing-block:pointer-events-none has-data-writing-block:-mt-(--shadow-height) has-data-writing-block:pt-(--shadow-height) [&amp;:has([data-writing-block])&gt;*]:pointer-events-auto scroll-mt-[calc(var(--header-height)+min(200px,max(70px,20svh)))]\" dir=\"auto\" tabindex=\"-1\" data-turn-id=\"request-WEB:910074db-e1fe-4be0-a998-7bc31979d585-3\" data-testid=\"conversation-turn-8\" data-scroll-anchor=\"true\" data-turn=\"assistant\"><div class=\"text-base my-auto mx-auto pb-10 [--thread-content-margin:--spacing(4)] @w-sm\/main:[--thread-content-margin:--spacing(6)] @w-lg\/main:[--thread-content-margin:--spacing(16)] px-(--thread-content-margin)\"><div class=\"[--thread-content-max-width:40rem] @w-lg\/main:[--thread-content-max-width:48rem] mx-auto max-w-(--thread-content-max-width) flex-1 group\/turn-messages focus-visible:outline-hidden relative flex w-full min-w-0 flex-col agent-turn\" tabindex=\"-1\"><div class=\"flex max-w-full flex-col grow\"><div class=\"min-h-8 text-message relative flex w-full flex-col items-end gap-2 text-start break-words whitespace-normal [.text-message+&amp;]:mt-1\" dir=\"auto\" data-message-author-role=\"assistant\" data-message-id=\"06853695-63b6-4cba-8714-5341714347d0\" data-message-model-slug=\"gpt-5-1-instant\"><div class=\"flex w-full flex-col gap-1 empty:hidden first:pt-[1px]\"><div class=\"markdown prose dark:prose-invert w-full break-words dark markdown-new-styling\"><p data-start=\"35\" data-end=\"498\">Andrea Bovarini est International Business Director chez Commanders Act, o\u00f9 il pilote l\u2019expansion internationale de l\u2019entreprise depuis pr\u00e8s de huit ans, apr\u00e8s avoir occup\u00e9 le r\u00f4le de Country Manager South Europe. Avec plus de vingt ans d\u2019exp\u00e9rience dans le software, le MarTech et les services digitaux, il a d\u00e9velopp\u00e9 une solide expertise dans le scaling de solutions technologiques, la gestion de P&amp;L multi-march\u00e9s et la coordination d\u2019\u00e9quipes internationales.<\/p><p data-start=\"500\" data-end=\"963\">Sp\u00e9cialiste des strat\u00e9gies data-driven, il accompagne les marques et les agences dans l\u2019un des plus grands d\u00e9fis du marketing moderne : mesurer de mani\u00e8re fiable la performance et optimiser le ROI m\u00e9dia dans un environnement fragment\u00e9. Son travail se concentre sur les strat\u00e9gies de first-party data, l\u2019attribution cross-channel, le server-side tracking et l\u2019optimisation avanc\u00e9e des investissements m\u00e9dia, notamment gr\u00e2ce \u00e0 des solutions innovantes comme Adloop.<\/p><p data-start=\"965\" data-end=\"1246\">Avant de rejoindre Commanders Act, il a \u00e9t\u00e9 Global Sales Director &amp; Business Product Owner chez Neodata Group, ainsi que Sales &amp; Business Development Director chez AppsBuilder, renfor\u00e7ant ainsi son expertise en marketing technology, d\u00e9veloppement international et scaling business.<\/p><p data-start=\"1248\" data-end=\"1717\" data-is-last-node=\"\" data-is-only-node=\"\">Membre du Board de la French Tech Milan depuis 2019, il contribue activement au rapprochement des \u00e9cosyst\u00e8mes tech fran\u00e7ais et italiens, en favorisant les synergies, le partage de connaissances et les opportunit\u00e9s transnationales. Bilingue italien-anglais et dot\u00e9 d\u2019une forte sensibilit\u00e9 interculturelle, il intervient aupr\u00e8s de startups, scale-ups et grandes marques pour acc\u00e9l\u00e9rer la croissance, clarifier la performance marketing et soutenir l\u2019innovation europ\u00e9enne.<\/p><\/div><\/div><\/div><\/div><div class=\"z-0 flex min-h-[46px] justify-start\">\u00a0<\/div><div class=\"mt-3 w-full empty:hidden\"><div class=\"text-center\">\u00a0<\/div><\/div><\/div><\/div><\/article><\/div><div class=\"pointer-events-none h-px w-px absolute bottom-0\" aria-hidden=\"true\" data-edge=\"true\">\u00a0<\/div>\t\t\t\t\t\t\t\t<\/div>\n\t\t\t\t<\/div>\n\t\t\t\t<div class=\"elementor-element elementor-element-2e1c6c3 elementor-grid-4 e-grid-align-left elementor-shape-rounded elementor-widget elementor-widget-social-icons\" data-id=\"2e1c6c3\" data-element_type=\"widget\" data-e-type=\"widget\" data-widget_type=\"social-icons.default\">\n\t\t\t\t<div class=\"elementor-widget-container\">\n\t\t\t\t\t\t\t<div class=\"elementor-social-icons-wrapper elementor-grid\" role=\"list\">\n\t\t\t\t\t\t\t<span class=\"elementor-grid-item\" role=\"listitem\">\n\t\t\t\t\t<a class=\"elementor-icon elementor-social-icon elementor-social-icon-linkedin-in elementor-repeater-item-7e9792e\" href=\"https:\/\/www.linkedin.com\/in\/andreabovarini\/%20\" target=\"_blank\">\n\t\t\t\t\t\t<span class=\"elementor-screen-only\">Linkedin-in<\/span>\n\t\t\t\t\t\t<svg aria-hidden=\"true\" class=\"e-font-icon-svg e-fab-linkedin-in\" viewBox=\"0 0 448 512\" xmlns=\"http:\/\/www.w3.org\/2000\/svg\"><path d=\"M100.28 448H7.4V148.9h92.88zM53.79 108.1C24.09 108.1 0 83.5 0 53.8a53.79 53.79 0 0 1 107.58 0c0 29.7-24.1 54.3-53.79 54.3zM447.9 448h-92.68V302.4c0-34.7-.7-79.2-48.29-79.2-48.29 0-55.69 37.7-55.69 76.7V448h-92.78V148.9h89.08v40.8h1.3c12.4-23.5 42.69-48.3 87.88-48.3 94 0 111.28 61.9 111.28 142.3V448z\"><\/path><\/svg>\t\t\t\t\t<\/a>\n\t\t\t\t<\/span>\n\t\t\t\t\t\t\t<span class=\"elementor-grid-item\" role=\"listitem\">\n\t\t\t\t\t<a class=\"elementor-icon elementor-social-icon elementor-social-icon-envelope elementor-repeater-item-53bb7e8\" href=\"mailto:ciao@lafrenchtechitaly.com\" target=\"_blank\">\n\t\t\t\t\t\t<span class=\"elementor-screen-only\">Envelope<\/span>\n\t\t\t\t\t\t<svg aria-hidden=\"true\" class=\"e-font-icon-svg e-fas-envelope\" viewBox=\"0 0 512 512\" xmlns=\"http:\/\/www.w3.org\/2000\/svg\"><path d=\"M502.3 190.8c3.9-3.1 9.7-.2 9.7 4.7V400c0 26.5-21.5 48-48 48H48c-26.5 0-48-21.5-48-48V195.6c0-5 5.7-7.8 9.7-4.7 22.4 17.4 52.1 39.5 154.1 113.6 21.1 15.4 56.7 47.8 92.2 47.6 35.7.3 72-32.8 92.3-47.6 102-74.1 131.6-96.3 154-113.7zM256 320c23.2.4 56.6-29.2 73.4-41.4 132.7-96.3 142.8-104.7 173.4-128.7 5.8-4.5 9.2-11.5 9.2-18.9v-19c0-26.5-21.5-48-48-48H48C21.5 64 0 85.5 0 112v19c0 7.4 3.4 14.3 9.2 18.9 30.6 23.9 40.7 32.4 173.4 128.7 16.8 12.2 50.2 41.8 73.4 41.4z\"><\/path><\/svg>\t\t\t\t\t<\/a>\n\t\t\t\t<\/span>\n\t\t\t\t\t<\/div>\n\t\t\t\t\t\t<\/div>\n\t\t\t\t<\/div>\n\t\t\t\t\t<\/div>\n\t\t<\/div>\n\t\t\t\t\t<\/div>\n\t\t<\/section>\n\t\t\t\t\t<\/div>\n\t\t<\/div>\n\t\t\t\t\t<\/div>\n\t\t<\/section>\n\t\t\t\t<\/div>\n\t\t","protected":false},"excerpt":{"rendered":"<p>Membro French Tech Italy,<\/br>Direzione commerciale Commanders Act<\/p>","protected":false},"author":1,"featured_media":988056,"parent":899,"menu_order":0,"comment_status":"closed","ping_status":"closed","template":"","meta":{"footnotes":""},"class_list":["post-2582","page","type-page","status-publish","has-post-thumbnail","hentry"],"yoast_head":"<!-- This site is optimized with the Yoast SEO plugin v27.4 - https:\/\/yoast.com\/product\/yoast-seo-wordpress\/ -->\n<title>Andrea Bovarini \u2013 La French Tech Italy<\/title>\n<meta name=\"description\" content=\"Andrea Bovarini est membre du board de La French Tech Italy et contribue au d\u00e9veloppement de l\u2019\u00e9cosyst\u00e8me tech entre la France et l\u2019Italie.\" \/>\n<meta name=\"robots\" content=\"index, follow, max-snippet:-1, max-image-preview:large, max-video-preview:-1\" \/>\n<link rel=\"canonical\" href=\"https:\/\/lafrenchtechitaly.com\/it\/il-nostro-board\/andrea-bovarini\/\" \/>\n<meta property=\"og:locale\" content=\"it_IT\" \/>\n<meta property=\"og:type\" content=\"article\" \/>\n<meta property=\"og:title\" content=\"Andrea Bovarini \u2013 La French Tech Italy\" \/>\n<meta property=\"og:description\" content=\"Andrea Bovarini est membre du board de La French Tech Italy et contribue au d\u00e9veloppement de l\u2019\u00e9cosyst\u00e8me tech entre la France et l\u2019Italie.\" \/>\n<meta property=\"og:url\" content=\"https:\/\/lafrenchtechitaly.com\/it\/il-nostro-board\/andrea-bovarini\/\" \/>\n<meta property=\"og:site_name\" content=\"La French Tech Italy\" \/>\n<meta property=\"article:modified_time\" content=\"2026-01-23T10:12:19+00:00\" \/>\n<meta property=\"og:image\" content=\"https:\/\/lafrenchtechitaly.com\/wp-content\/uploads\/2025\/12\/French_Tech_Italy_Andrea.jpg\" \/>\n\t<meta property=\"og:image:width\" content=\"586\" \/>\n\t<meta property=\"og:image:height\" content=\"664\" \/>\n\t<meta property=\"og:image:type\" content=\"image\/jpeg\" \/>\n<meta name=\"twitter:card\" content=\"summary_large_image\" \/>\n<meta name=\"twitter:label1\" content=\"Tempo di lettura stimato\" \/>\n\t<meta name=\"twitter:data1\" content=\"2 minuti\" \/>\n<script type=\"application\/ld+json\" class=\"yoast-schema-graph\">{\"@context\":\"https:\\\/\\\/schema.org\",\"@graph\":[{\"@type\":\"WebPage\",\"@id\":\"https:\\\/\\\/lafrenchtechitaly.com\\\/board\\\/andrea-bovarini\\\/\",\"url\":\"https:\\\/\\\/lafrenchtechitaly.com\\\/board\\\/andrea-bovarini\\\/\",\"name\":\"Andrea Bovarini \u2013 La French Tech Italy\",\"isPartOf\":{\"@id\":\"https:\\\/\\\/lafrenchtechitaly.com\\\/#website\"},\"primaryImageOfPage\":{\"@id\":\"https:\\\/\\\/lafrenchtechitaly.com\\\/board\\\/andrea-bovarini\\\/#primaryimage\"},\"image\":{\"@id\":\"https:\\\/\\\/lafrenchtechitaly.com\\\/board\\\/andrea-bovarini\\\/#primaryimage\"},\"thumbnailUrl\":\"https:\\\/\\\/lafrenchtechitaly.com\\\/wp-content\\\/uploads\\\/2025\\\/12\\\/French_Tech_Italy_Andrea.jpg\",\"datePublished\":\"2025-10-04T09:19:49+00:00\",\"dateModified\":\"2026-01-23T10:12:19+00:00\",\"description\":\"Andrea Bovarini est membre du board de La French Tech Italy et contribue au d\u00e9veloppement de l\u2019\u00e9cosyst\u00e8me tech entre la France et l\u2019Italie.\",\"breadcrumb\":{\"@id\":\"https:\\\/\\\/lafrenchtechitaly.com\\\/board\\\/andrea-bovarini\\\/#breadcrumb\"},\"inLanguage\":\"it-IT\",\"potentialAction\":[{\"@type\":\"ReadAction\",\"target\":[\"https:\\\/\\\/lafrenchtechitaly.com\\\/board\\\/andrea-bovarini\\\/\"]}]},{\"@type\":\"ImageObject\",\"inLanguage\":\"it-IT\",\"@id\":\"https:\\\/\\\/lafrenchtechitaly.com\\\/board\\\/andrea-bovarini\\\/#primaryimage\",\"url\":\"https:\\\/\\\/lafrenchtechitaly.com\\\/wp-content\\\/uploads\\\/2025\\\/12\\\/French_Tech_Italy_Andrea.jpg\",\"contentUrl\":\"https:\\\/\\\/lafrenchtechitaly.com\\\/wp-content\\\/uploads\\\/2025\\\/12\\\/French_Tech_Italy_Andrea.jpg\",\"width\":586,\"height\":664},{\"@type\":\"BreadcrumbList\",\"@id\":\"https:\\\/\\\/lafrenchtechitaly.com\\\/board\\\/andrea-bovarini\\\/#breadcrumb\",\"itemListElement\":[{\"@type\":\"ListItem\",\"position\":1,\"name\":\"Accueil\",\"item\":\"https:\\\/\\\/lafrenchtechitaly.com\\\/\"},{\"@type\":\"ListItem\",\"position\":2,\"name\":\"Board\",\"item\":\"https:\\\/\\\/lafrenchtechitaly.com\\\/board\\\/\"},{\"@type\":\"ListItem\",\"position\":3,\"name\":\"Andrea Bovarini\"}]},{\"@type\":\"WebSite\",\"@id\":\"https:\\\/\\\/lafrenchtechitaly.com\\\/#website\",\"url\":\"https:\\\/\\\/lafrenchtechitaly.com\\\/\",\"name\":\"La French Tech Italy\",\"description\":\"Le r\u00e9seau tech qui unit France et Italie\",\"publisher\":{\"@id\":\"https:\\\/\\\/lafrenchtechitaly.com\\\/#organization\"},\"potentialAction\":[{\"@type\":\"SearchAction\",\"target\":{\"@type\":\"EntryPoint\",\"urlTemplate\":\"https:\\\/\\\/lafrenchtechitaly.com\\\/?s={search_term_string}\"},\"query-input\":{\"@type\":\"PropertyValueSpecification\",\"valueRequired\":true,\"valueName\":\"search_term_string\"}}],\"inLanguage\":\"it-IT\"},{\"@type\":\"Organization\",\"@id\":\"https:\\\/\\\/lafrenchtechitaly.com\\\/#organization\",\"name\":\"La French Tech Italy\",\"url\":\"https:\\\/\\\/lafrenchtechitaly.com\\\/\",\"logo\":{\"@type\":\"ImageObject\",\"inLanguage\":\"it-IT\",\"@id\":\"https:\\\/\\\/lafrenchtechitaly.com\\\/#\\\/schema\\\/logo\\\/image\\\/\",\"url\":\"https:\\\/\\\/lafrenchtechitaly.com\\\/wp-content\\\/uploads\\\/2025\\\/12\\\/LOGO_FT_1.png\",\"contentUrl\":\"https:\\\/\\\/lafrenchtechitaly.com\\\/wp-content\\\/uploads\\\/2025\\\/12\\\/LOGO_FT_1.png\",\"width\":351,\"height\":121,\"caption\":\"La French Tech Italy\"},\"image\":{\"@id\":\"https:\\\/\\\/lafrenchtechitaly.com\\\/#\\\/schema\\\/logo\\\/image\\\/\"},\"sameAs\":[\"https:\\\/\\\/www.linkedin.com\\\/company\\\/la-french-tech-italy\\\/\"]}]}<\/script>\n<!-- \/ Yoast SEO plugin. -->","yoast_head_json":{"title":"Andrea Bovarini - La French Tech Italia","description":"Andrea Bovarini \u00e8 membro del consiglio di amministrazione di La French Tech Italy e contribuisce allo sviluppo dell'ecosistema tecnologico tra Francia e Italia.","robots":{"index":"index","follow":"follow","max-snippet":"max-snippet:-1","max-image-preview":"max-image-preview:large","max-video-preview":"max-video-preview:-1"},"canonical":"https:\/\/lafrenchtechitaly.com\/it\/il-nostro-board\/andrea-bovarini\/","og_locale":"it_IT","og_type":"article","og_title":"Andrea Bovarini \u2013 La French Tech Italy","og_description":"Andrea Bovarini est membre du board de La French Tech Italy et contribue au d\u00e9veloppement de l\u2019\u00e9cosyst\u00e8me tech entre la France et l\u2019Italie.","og_url":"https:\/\/lafrenchtechitaly.com\/it\/il-nostro-board\/andrea-bovarini\/","og_site_name":"La French Tech Italy","article_modified_time":"2026-01-23T10:12:19+00:00","og_image":[{"width":586,"height":664,"url":"https:\/\/lafrenchtechitaly.com\/wp-content\/uploads\/2025\/12\/French_Tech_Italy_Andrea.jpg","type":"image\/jpeg"}],"twitter_card":"summary_large_image","twitter_misc":{"Tempo di lettura stimato":"2 minuti"},"schema":{"@context":"https:\/\/schema.org","@graph":[{"@type":"WebPage","@id":"https:\/\/lafrenchtechitaly.com\/board\/andrea-bovarini\/","url":"https:\/\/lafrenchtechitaly.com\/board\/andrea-bovarini\/","name":"Andrea Bovarini - La French Tech Italia","isPartOf":{"@id":"https:\/\/lafrenchtechitaly.com\/#website"},"primaryImageOfPage":{"@id":"https:\/\/lafrenchtechitaly.com\/board\/andrea-bovarini\/#primaryimage"},"image":{"@id":"https:\/\/lafrenchtechitaly.com\/board\/andrea-bovarini\/#primaryimage"},"thumbnailUrl":"https:\/\/lafrenchtechitaly.com\/wp-content\/uploads\/2025\/12\/French_Tech_Italy_Andrea.jpg","datePublished":"2025-10-04T09:19:49+00:00","dateModified":"2026-01-23T10:12:19+00:00","description":"Andrea Bovarini \u00e8 membro del consiglio di amministrazione di La French Tech Italy e contribuisce allo sviluppo dell'ecosistema tecnologico tra Francia e Italia.","breadcrumb":{"@id":"https:\/\/lafrenchtechitaly.com\/board\/andrea-bovarini\/#breadcrumb"},"inLanguage":"it-IT","potentialAction":[{"@type":"ReadAction","target":["https:\/\/lafrenchtechitaly.com\/board\/andrea-bovarini\/"]}]},{"@type":"ImageObject","inLanguage":"it-IT","@id":"https:\/\/lafrenchtechitaly.com\/board\/andrea-bovarini\/#primaryimage","url":"https:\/\/lafrenchtechitaly.com\/wp-content\/uploads\/2025\/12\/French_Tech_Italy_Andrea.jpg","contentUrl":"https:\/\/lafrenchtechitaly.com\/wp-content\/uploads\/2025\/12\/French_Tech_Italy_Andrea.jpg","width":586,"height":664},{"@type":"BreadcrumbList","@id":"https:\/\/lafrenchtechitaly.com\/board\/andrea-bovarini\/#breadcrumb","itemListElement":[{"@type":"ListItem","position":1,"name":"Accueil","item":"https:\/\/lafrenchtechitaly.com\/"},{"@type":"ListItem","position":2,"name":"Board","item":"https:\/\/lafrenchtechitaly.com\/board\/"},{"@type":"ListItem","position":3,"name":"Andrea Bovarini"}]},{"@type":"WebSite","@id":"https:\/\/lafrenchtechitaly.com\/#website","url":"https:\/\/lafrenchtechitaly.com\/","name":"La French Tech Italy","description":"La rete tecnologica che unisce Francia e Italia","publisher":{"@id":"https:\/\/lafrenchtechitaly.com\/#organization"},"potentialAction":[{"@type":"SearchAction","target":{"@type":"EntryPoint","urlTemplate":"https:\/\/lafrenchtechitaly.com\/?s={search_term_string}"},"query-input":{"@type":"PropertyValueSpecification","valueRequired":true,"valueName":"search_term_string"}}],"inLanguage":"it-IT"},{"@type":"Organization","@id":"https:\/\/lafrenchtechitaly.com\/#organization","name":"La French Tech Italy","url":"https:\/\/lafrenchtechitaly.com\/","logo":{"@type":"ImageObject","inLanguage":"it-IT","@id":"https:\/\/lafrenchtechitaly.com\/#\/schema\/logo\/image\/","url":"https:\/\/lafrenchtechitaly.com\/wp-content\/uploads\/2025\/12\/LOGO_FT_1.png","contentUrl":"https:\/\/lafrenchtechitaly.com\/wp-content\/uploads\/2025\/12\/LOGO_FT_1.png","width":351,"height":121,"caption":"La French Tech Italy"},"image":{"@id":"https:\/\/lafrenchtechitaly.com\/#\/schema\/logo\/image\/"},"sameAs":["https:\/\/www.linkedin.com\/company\/la-french-tech-italy\/"]}]}},"_links":{"self":[{"href":"https:\/\/lafrenchtechitaly.com\/it\/wp-json\/wp\/v2\/pages\/2582","targetHints":{"allow":["GET"]}}],"collection":[{"href":"https:\/\/lafrenchtechitaly.com\/it\/wp-json\/wp\/v2\/pages"}],"about":[{"href":"https:\/\/lafrenchtechitaly.com\/it\/wp-json\/wp\/v2\/types\/page"}],"author":[{"embeddable":true,"href":"https:\/\/lafrenchtechitaly.com\/it\/wp-json\/wp\/v2\/users\/1"}],"replies":[{"embeddable":true,"href":"https:\/\/lafrenchtechitaly.com\/it\/wp-json\/wp\/v2\/comments?post=2582"}],"version-history":[{"count":24,"href":"https:\/\/lafrenchtechitaly.com\/it\/wp-json\/wp\/v2\/pages\/2582\/revisions"}],"predecessor-version":[{"id":988858,"href":"https:\/\/lafrenchtechitaly.com\/it\/wp-json\/wp\/v2\/pages\/2582\/revisions\/988858"}],"up":[{"embeddable":true,"href":"https:\/\/lafrenchtechitaly.com\/it\/wp-json\/wp\/v2\/pages\/899"}],"wp:featuredmedia":[{"embeddable":true,"href":"https:\/\/lafrenchtechitaly.com\/it\/wp-json\/wp\/v2\/media\/988056"}],"wp:attachment":[{"href":"https:\/\/lafrenchtechitaly.com\/it\/wp-json\/wp\/v2\/media?parent=2582"}],"curies":[{"name":"wp","href":"https:\/\/api.w.org\/{rel}","templated":true}]}}