{"id":2585,"date":"2025-10-01T11:21:07","date_gmt":"2025-10-01T09:21:07","guid":{"rendered":"https:\/\/beratung.vamtam.com\/?page_id=2585"},"modified":"2025-12-10T15:02:44","modified_gmt":"2025-12-10T14:02:44","slug":"david-cezon","status":"publish","type":"page","link":"https:\/\/lafrenchtechitaly.com\/it\/board\/david-cezon\/","title":{"rendered":"David C\u00e9zon"},"content":{"rendered":"<div data-elementor-type=\"wp-page\" data-elementor-id=\"2585\" class=\"elementor elementor-2585\" data-elementor-post-type=\"page\">\n\t\t\t\t\t\t<section class=\"elementor-section elementor-top-section elementor-element elementor-element-b9f92a2 elementor-reverse-mobile elementor-reverse-tablet elementor-section-boxed elementor-section-height-default elementor-section-height-default\" data-id=\"b9f92a2\" data-element_type=\"section\" data-e-type=\"section\">\n\t\t\t\t\t\t<div class=\"elementor-container elementor-column-gap-no\">\n\t\t\t\t\t<div class=\"elementor-column elementor-col-50 elementor-top-column elementor-element elementor-element-5d76f56\" data-id=\"5d76f56\" data-element_type=\"column\" data-e-type=\"column\">\n\t\t\t<div class=\"elementor-widget-wrap elementor-element-populated\">\n\t\t\t\t\t\t<div class=\"elementor-element elementor-element-f5986a2 elementor-align-start elementor-icon-list--layout-traditional elementor-list-item-link-full_width elementor-widget elementor-widget-icon-list\" data-id=\"f5986a2\" data-element_type=\"widget\" data-e-type=\"widget\" data-widget_type=\"icon-list.default\">\n\t\t\t\t<div class=\"elementor-widget-container\">\n\t\t\t\t\t\t\t<ul class=\"elementor-icon-list-items\">\n\t\t\t\t\t\t\t<li class=\"elementor-icon-list-item\">\n\t\t\t\t\t\t\t\t\t\t\t<span class=\"elementor-icon-list-icon\">\n\t\t\t\t\t\t\t<i aria-hidden=\"true\" class=\"vamtamtheme- vamtam-theme-brand-symbol\"><\/i>\t\t\t\t\t\t<\/span>\n\t\t\t\t\t\t\t\t\t\t<span class=\"elementor-icon-list-text\">Competenze<\/span>\n\t\t\t\t\t\t\t\t\t<\/li>\n\t\t\t\t\t\t<\/ul>\n\t\t\t\t\t\t<\/div>\n\t\t\t\t<\/div>\n\t\t\t\t<div class=\"elementor-element elementor-element-dcca80e elementor-position-inline-end elementor-mobile-position-inline-end elementor-view-default elementor-widget elementor-widget-icon-box\" data-id=\"dcca80e\" data-element_type=\"widget\" data-e-type=\"widget\" data-widget_type=\"icon-box.default\">\n\t\t\t\t<div class=\"elementor-widget-container\">\n\t\t\t\t\t\t\t<div class=\"elementor-icon-box-wrapper\">\n\n\t\t\t\t\t\t<div class=\"elementor-icon-box-icon\">\n\t\t\t\t<span  class=\"elementor-icon\">\n\t\t\t\t<i aria-hidden=\"true\" class=\"vamtamtheme- vamtam-theme-arrow-right-list\"><\/i>\t\t\t\t<\/span>\n\t\t\t<\/div>\n\t\t\t\n\t\t\t\t\t\t<div class=\"elementor-icon-box-content\">\n\n\t\t\t\t\t\t\t\t\t<div class=\"elementor-icon-box-title\">\n\t\t\t\t\t\t<span  >\n\t\t\t\t\t\t\tInnovazione e sviluppo dell'ecosistema\t\t\t\t\t\t<\/span>\n\t\t\t\t\t<\/div>\n\t\t\t\t\n\t\t\t\t\t\t\t\t\t<p class=\"elementor-icon-box-description\">\n\t\t\t\t\t\tAccompagnare la crescita delle startup attraverso una rete strategica franco-italiana. Favorire collaborazioni, scambi e opportunit\u00e0 transnazionali.\t\t\t\t\t<\/p>\n\t\t\t\t\n\t\t\t<\/div>\n\t\t\t\n\t\t<\/div>\n\t\t\t\t\t\t<\/div>\n\t\t\t\t<\/div>\n\t\t\t\t<div class=\"elementor-element elementor-element-e7d2f79 elementor-position-inline-end elementor-mobile-position-inline-end elementor-view-default elementor-widget elementor-widget-icon-box\" data-id=\"e7d2f79\" data-element_type=\"widget\" data-e-type=\"widget\" data-widget_type=\"icon-box.default\">\n\t\t\t\t<div class=\"elementor-widget-container\">\n\t\t\t\t\t\t\t<div class=\"elementor-icon-box-wrapper\">\n\n\t\t\t\t\t\t<div class=\"elementor-icon-box-icon\">\n\t\t\t\t<span  class=\"elementor-icon\">\n\t\t\t\t<i aria-hidden=\"true\" class=\"vamtamtheme- vamtam-theme-arrow-right-list\"><\/i>\t\t\t\t<\/span>\n\t\t\t<\/div>\n\t\t\t\n\t\t\t\t\t\t<div class=\"elementor-icon-box-content\">\n\n\t\t\t\t\t\t\t\t\t<div class=\"elementor-icon-box-title\">\n\t\t\t\t\t\t<span  >\n\t\t\t\t\t\t\tPartenariati e alleanze transfrontaliere\t\t\t\t\t\t<\/span>\n\t\t\t\t\t<\/div>\n\t\t\t\t\n\t\t\t\t\t\t\t\t\t<p class=\"elementor-icon-box-description\">\n\t\t\t\t\t\tStrutturare partnership tra imprese, investitori e istituzioni. Creare connessioni ad alto valore aggiunto per accelerare l\u2019innovazione.\t\t\t\t\t<\/p>\n\t\t\t\t\n\t\t\t<\/div>\n\t\t\t\n\t\t<\/div>\n\t\t\t\t\t\t<\/div>\n\t\t\t\t<\/div>\n\t\t\t\t<div class=\"elementor-element elementor-element-24e9463 elementor-position-inline-end elementor-mobile-position-inline-end elementor-view-default elementor-widget elementor-widget-icon-box\" data-id=\"24e9463\" data-element_type=\"widget\" data-e-type=\"widget\" data-widget_type=\"icon-box.default\">\n\t\t\t\t<div class=\"elementor-widget-container\">\n\t\t\t\t\t\t\t<div class=\"elementor-icon-box-wrapper\">\n\n\t\t\t\t\t\t<div class=\"elementor-icon-box-icon\">\n\t\t\t\t<span  class=\"elementor-icon\">\n\t\t\t\t<i aria-hidden=\"true\" class=\"vamtamtheme- vamtam-theme-arrow-right-list\"><\/i>\t\t\t\t<\/span>\n\t\t\t<\/div>\n\t\t\t\n\t\t\t\t\t\t<div class=\"elementor-icon-box-content\">\n\n\t\t\t\t\t\t\t\t\t<div class=\"elementor-icon-box-title\">\n\t\t\t\t\t\t<span  >\n\t\t\t\t\t\t\tApprofondimenti sulla trasformazione tecnologica e digitale\t\t\t\t\t\t<\/span>\n\t\t\t\t\t<\/div>\n\t\t\t\t\n\t\t\t\t\t\t\t\t\t<p class=\"elementor-icon-box-description\">\n\t\t\t\t\t\tOffrire una visione esperta sulle tendenze digitali e sulle sfide tecnologiche. Aiutare l\u2019ecosistema ad anticipare i cambiamenti e rafforzare la competitivit\u00e0.\t\t\t\t\t<\/p>\n\t\t\t\t\n\t\t\t<\/div>\n\t\t\t\n\t\t<\/div>\n\t\t\t\t\t\t<\/div>\n\t\t\t\t<\/div>\n\t\t\t\t\t<\/div>\n\t\t<\/div>\n\t\t\t\t<div class=\"elementor-column elementor-col-50 elementor-top-column elementor-element elementor-element-e6fd104\" data-id=\"e6fd104\" data-element_type=\"column\" data-e-type=\"column\">\n\t\t\t<div class=\"elementor-widget-wrap elementor-element-populated\">\n\t\t\t\t\t\t<section class=\"elementor-section elementor-inner-section elementor-element elementor-element-4a782ec elementor-section-full_width elementor-section-height-default elementor-section-height-default\" data-id=\"4a782ec\" data-element_type=\"section\" data-e-type=\"section\">\n\t\t\t\t\t\t<div class=\"elementor-container elementor-column-gap-no\">\n\t\t\t\t\t<div class=\"elementor-column elementor-col-100 elementor-inner-column elementor-element elementor-element-f29d0cf\" data-id=\"f29d0cf\" data-element_type=\"column\" data-e-type=\"column\">\n\t\t\t<div class=\"elementor-widget-wrap elementor-element-populated\">\n\t\t\t\t\t\t<div class=\"elementor-element elementor-element-2205f8b elementor-align-start elementor-icon-list--layout-traditional elementor-list-item-link-full_width elementor-widget elementor-widget-icon-list\" data-id=\"2205f8b\" data-element_type=\"widget\" data-e-type=\"widget\" data-widget_type=\"icon-list.default\">\n\t\t\t\t<div class=\"elementor-widget-container\">\n\t\t\t\t\t\t\t<ul class=\"elementor-icon-list-items\">\n\t\t\t\t\t\t\t<li class=\"elementor-icon-list-item\">\n\t\t\t\t\t\t\t\t\t\t\t<span class=\"elementor-icon-list-icon\">\n\t\t\t\t\t\t\t<i aria-hidden=\"true\" class=\"vamtamtheme- vamtam-theme-brand-symbol\"><\/i>\t\t\t\t\t\t<\/span>\n\t\t\t\t\t\t\t\t\t\t<span class=\"elementor-icon-list-text\">Informazioni su David C\u00e9zon<\/span>\n\t\t\t\t\t\t\t\t\t<\/li>\n\t\t\t\t\t\t<\/ul>\n\t\t\t\t\t\t<\/div>\n\t\t\t\t<\/div>\n\t\t\t\t<div class=\"vamtam-has-theme-widget-styles elementor-element elementor-element-98e137b elementor-widget elementor-widget-text-editor\" data-id=\"98e137b\" data-element_type=\"widget\" data-e-type=\"widget\" data-widget_type=\"text-editor.default\">\n\t\t\t\t<div class=\"elementor-widget-container\">\n\t\t\t\t\t\t\t\t\t<p class=\"p1\">David C\u00e9zon \u00e8 il Presidente della French Tech Italy, dove guida la strategia e lo sviluppo dell\u2019ecosistema tech franco-italiano. Dal 2021 ha ricoperto i ruoli di Board Member, Vice-President e poi President, contribuendo attivamente all\u2019animazione della rete, alla strutturazione di partnership e all\u2019accelerazione delle startup francesi e italiane.\u00a0<\/p>\n<p class=\"p1\">Parallelamente \u00e8 Head of Strategic Alliances presso Leyton, dopo una prima esperienza come Partnerships Manager, dove sviluppa alleanze strategiche ad alto valore con aziende innovative, investitori e istituzioni. In qualit\u00e0 di Consigliere del Commercio Estero della Francia - Comitato Italia, svolge un ruolo chiave nella cooperazione economica e tecnologica tra i due Paesi.\u00a0<\/p>\n<p class=\"p1\">Imprenditore dal 2016, ha fondato I\u2019m OK Solutions, specializzata in soluzioni SaaS, e accompagna regolarmente organizzazioni come Senior Consultant in progetti di trasformazione digitale. Forte di un\u2019esperienza solida in innovazione, digitale, business development e diplomazia economica, connette startup, scale-up, attori pubblici e partner privati per favorire collaborazioni transnazionali, sostenere la crescita e rafforzare l\u2019impatto della tech europea.\u00a0<\/p>\n<p class=\"p1\">Attore impegnato dell\u2019innovazione sostenibile e inclusiva, mette il suo network e la sua esperienza al servizio di un ecosistema dinamico, competitivo e orientato al futuro.<\/p>\t\t\t\t\t\t\t\t<\/div>\n\t\t\t\t<\/div>\n\t\t\t\t<div class=\"elementor-element elementor-element-b6f8ae9 elementor-grid-4 e-grid-align-left elementor-shape-rounded elementor-widget elementor-widget-social-icons\" data-id=\"b6f8ae9\" data-element_type=\"widget\" data-e-type=\"widget\" data-widget_type=\"social-icons.default\">\n\t\t\t\t<div class=\"elementor-widget-container\">\n\t\t\t\t\t\t\t<div class=\"elementor-social-icons-wrapper elementor-grid\" role=\"list\">\n\t\t\t\t\t\t\t<span class=\"elementor-grid-item\" role=\"listitem\">\n\t\t\t\t\t<a class=\"elementor-icon elementor-social-icon elementor-social-icon-linkedin-in elementor-repeater-item-7e9792e\" href=\"https:\/\/www.linkedin.com\/in\/cezondavid\/\" target=\"_blank\">\n\t\t\t\t\t\t<span class=\"elementor-screen-only\">Linkedin-in<\/span>\n\t\t\t\t\t\t<svg aria-hidden=\"true\" class=\"e-font-icon-svg e-fab-linkedin-in\" viewbox=\"0 0 448 512\" xmlns=\"http:\/\/www.w3.org\/2000\/svg\"><path d=\"M100.28 448H7.4V148.9h92.88zM53.79 108.1C24.09 108.1 0 83.5 0 53.8a53.79 53.79 0 0 1 107.58 0c0 29.7-24.1 54.3-53.79 54.3zM447.9 448h-92.68V302.4c0-34.7-.7-79.2-48.29-79.2-48.29 0-55.69 37.7-55.69 76.7V448h-92.78V148.9h89.08v40.8h1.3c12.4-23.5 42.69-48.3 87.88-48.3 94 0 111.28 61.9 111.28 142.3V448z\"><\/path><\/svg>\t\t\t\t\t<\/a>\n\t\t\t\t<\/span>\n\t\t\t\t\t\t\t<span class=\"elementor-grid-item\" role=\"listitem\">\n\t\t\t\t\t<a class=\"elementor-icon elementor-social-icon elementor-social-icon-envelope elementor-repeater-item-53bb7e8\" href=\"mailto:ciao@lafrenchtechitaly.com\" target=\"_blank\">\n\t\t\t\t\t\t<span class=\"elementor-screen-only\">Busta<\/span>\n\t\t\t\t\t\t<svg aria-hidden=\"true\" class=\"e-font-icon-svg e-fas-envelope\" viewbox=\"0 0 512 512\" xmlns=\"http:\/\/www.w3.org\/2000\/svg\"><path d=\"M502.3 190.8c3.9-3.1 9.7-.2 9.7 4.7V400c0 26.5-21.5 48-48 48H48c-26.5 0-48-21.5-48-48V195.6c0-5 5.7-7.8 9.7-4.7 22.4 17.4 52.1 39.5 154.1 113.6 21.1 15.4 56.7 47.8 92.2 47.6 35.7.3 72-32.8 92.3-47.6 102-74.1 131.6-96.3 154-113.7zM256 320c23.2.4 56.6-29.2 73.4-41.4 132.7-96.3 142.8-104.7 173.4-128.7 5.8-4.5 9.2-11.5 9.2-18.9v-19c0-26.5-21.5-48-48-48H48C21.5 64 0 85.5 0 112v19c0 7.4 3.4 14.3 9.2 18.9 30.6 23.9 40.7 32.4 173.4 128.7 16.8 12.2 50.2 41.8 73.4 41.4z\"><\/path><\/svg>\t\t\t\t\t<\/a>\n\t\t\t\t<\/span>\n\t\t\t\t\t<\/div>\n\t\t\t\t\t\t<\/div>\n\t\t\t\t<\/div>\n\t\t\t\t\t<\/div>\n\t\t<\/div>\n\t\t\t\t\t<\/div>\n\t\t<\/section>\n\t\t\t\t\t<\/div>\n\t\t<\/div>\n\t\t\t\t\t<\/div>\n\t\t<\/section>\n\t\t\t\t<\/div>","protected":false},"excerpt":{"rendered":"<p>Presidente French Tech Italy,<\/br>Strategic Alliances Leyton <\/p>","protected":false},"author":1,"featured_media":988053,"parent":899,"menu_order":0,"comment_status":"closed","ping_status":"closed","template":"","meta":{"footnotes":""},"class_list":["post-2585","page","type-page","status-publish","has-post-thumbnail","hentry"],"yoast_head":"<!-- This site is optimized with the Yoast SEO plugin v27.4 - https:\/\/yoast.com\/product\/yoast-seo-wordpress\/ -->\n<title>David C\u00e9zon - La French Tech Italy<\/title>\n<meta name=\"description\" content=\"D\u00e9couvrez le parcours de David C\u00e9zon, Pr\u00e9sident de la French Tech Italy et Strategic Alliances Director chez Leyton. Expert en innovation, partenariats strat\u00e9giques, digital transformation et d\u00e9veloppement de l\u2019\u00e9cosyst\u00e8me tech France\u2013Italie.\" \/>\n<meta name=\"robots\" content=\"index, follow, max-snippet:-1, max-image-preview:large, max-video-preview:-1\" \/>\n<link rel=\"canonical\" href=\"https:\/\/lafrenchtechitaly.com\/it\/il-nostro-board\/david-cezon\/\" \/>\n<meta property=\"og:locale\" content=\"it_IT\" \/>\n<meta property=\"og:type\" content=\"article\" \/>\n<meta property=\"og:title\" content=\"David C\u00e9zon - La French Tech Italy\" \/>\n<meta property=\"og:description\" content=\"D\u00e9couvrez le parcours de David C\u00e9zon, Pr\u00e9sident de la French Tech Italy et Strategic Alliances Director chez Leyton. Expert en innovation, partenariats strat\u00e9giques, digital transformation et d\u00e9veloppement de l\u2019\u00e9cosyst\u00e8me tech France\u2013Italie.\" \/>\n<meta property=\"og:url\" content=\"https:\/\/lafrenchtechitaly.com\/it\/il-nostro-board\/david-cezon\/\" \/>\n<meta property=\"og:site_name\" content=\"La French Tech Italy\" \/>\n<meta property=\"article:modified_time\" content=\"2025-12-10T14:02:44+00:00\" \/>\n<meta property=\"og:image\" content=\"https:\/\/lafrenchtechitaly.com\/wp-content\/uploads\/2025\/12\/French_Tech_Italy_David.jpg\" \/>\n\t<meta property=\"og:image:width\" content=\"586\" \/>\n\t<meta property=\"og:image:height\" content=\"664\" \/>\n\t<meta property=\"og:image:type\" content=\"image\/jpeg\" \/>\n<meta name=\"twitter:card\" content=\"summary_large_image\" \/>\n<meta name=\"twitter:label1\" content=\"Tempo di lettura stimato\" \/>\n\t<meta name=\"twitter:data1\" content=\"2 minuti\" \/>\n<script type=\"application\/ld+json\" class=\"yoast-schema-graph\">{\"@context\":\"https:\\\/\\\/schema.org\",\"@graph\":[{\"@type\":\"WebPage\",\"@id\":\"https:\\\/\\\/lafrenchtechitaly.com\\\/board\\\/david-cezon\\\/\",\"url\":\"https:\\\/\\\/lafrenchtechitaly.com\\\/board\\\/david-cezon\\\/\",\"name\":\"David C\u00e9zon - La French Tech Italy\",\"isPartOf\":{\"@id\":\"https:\\\/\\\/lafrenchtechitaly.com\\\/#website\"},\"primaryImageOfPage\":{\"@id\":\"https:\\\/\\\/lafrenchtechitaly.com\\\/board\\\/david-cezon\\\/#primaryimage\"},\"image\":{\"@id\":\"https:\\\/\\\/lafrenchtechitaly.com\\\/board\\\/david-cezon\\\/#primaryimage\"},\"thumbnailUrl\":\"https:\\\/\\\/lafrenchtechitaly.com\\\/wp-content\\\/uploads\\\/2025\\\/12\\\/French_Tech_Italy_David.jpg\",\"datePublished\":\"2025-10-01T09:21:07+00:00\",\"dateModified\":\"2025-12-10T14:02:44+00:00\",\"description\":\"D\u00e9couvrez le parcours de David C\u00e9zon, Pr\u00e9sident de la French Tech Italy et Strategic Alliances Director chez Leyton. Expert en innovation, partenariats strat\u00e9giques, digital transformation et d\u00e9veloppement de l\u2019\u00e9cosyst\u00e8me tech France\u2013Italie.\",\"breadcrumb\":{\"@id\":\"https:\\\/\\\/lafrenchtechitaly.com\\\/board\\\/david-cezon\\\/#breadcrumb\"},\"inLanguage\":\"it-IT\",\"potentialAction\":[{\"@type\":\"ReadAction\",\"target\":[\"https:\\\/\\\/lafrenchtechitaly.com\\\/board\\\/david-cezon\\\/\"]}]},{\"@type\":\"ImageObject\",\"inLanguage\":\"it-IT\",\"@id\":\"https:\\\/\\\/lafrenchtechitaly.com\\\/board\\\/david-cezon\\\/#primaryimage\",\"url\":\"https:\\\/\\\/lafrenchtechitaly.com\\\/wp-content\\\/uploads\\\/2025\\\/12\\\/French_Tech_Italy_David.jpg\",\"contentUrl\":\"https:\\\/\\\/lafrenchtechitaly.com\\\/wp-content\\\/uploads\\\/2025\\\/12\\\/French_Tech_Italy_David.jpg\",\"width\":586,\"height\":664},{\"@type\":\"BreadcrumbList\",\"@id\":\"https:\\\/\\\/lafrenchtechitaly.com\\\/board\\\/david-cezon\\\/#breadcrumb\",\"itemListElement\":[{\"@type\":\"ListItem\",\"position\":1,\"name\":\"Accueil\",\"item\":\"https:\\\/\\\/lafrenchtechitaly.com\\\/\"},{\"@type\":\"ListItem\",\"position\":2,\"name\":\"Board\",\"item\":\"https:\\\/\\\/lafrenchtechitaly.com\\\/board\\\/\"},{\"@type\":\"ListItem\",\"position\":3,\"name\":\"David C\u00e9zon\"}]},{\"@type\":\"WebSite\",\"@id\":\"https:\\\/\\\/lafrenchtechitaly.com\\\/#website\",\"url\":\"https:\\\/\\\/lafrenchtechitaly.com\\\/\",\"name\":\"La French Tech Italy\",\"description\":\"Le r\u00e9seau tech qui unit France et Italie\",\"publisher\":{\"@id\":\"https:\\\/\\\/lafrenchtechitaly.com\\\/#organization\"},\"potentialAction\":[{\"@type\":\"SearchAction\",\"target\":{\"@type\":\"EntryPoint\",\"urlTemplate\":\"https:\\\/\\\/lafrenchtechitaly.com\\\/?s={search_term_string}\"},\"query-input\":{\"@type\":\"PropertyValueSpecification\",\"valueRequired\":true,\"valueName\":\"search_term_string\"}}],\"inLanguage\":\"it-IT\"},{\"@type\":\"Organization\",\"@id\":\"https:\\\/\\\/lafrenchtechitaly.com\\\/#organization\",\"name\":\"La French Tech Italy\",\"url\":\"https:\\\/\\\/lafrenchtechitaly.com\\\/\",\"logo\":{\"@type\":\"ImageObject\",\"inLanguage\":\"it-IT\",\"@id\":\"https:\\\/\\\/lafrenchtechitaly.com\\\/#\\\/schema\\\/logo\\\/image\\\/\",\"url\":\"https:\\\/\\\/lafrenchtechitaly.com\\\/wp-content\\\/uploads\\\/2025\\\/12\\\/LOGO_FT_1.png\",\"contentUrl\":\"https:\\\/\\\/lafrenchtechitaly.com\\\/wp-content\\\/uploads\\\/2025\\\/12\\\/LOGO_FT_1.png\",\"width\":351,\"height\":121,\"caption\":\"La French Tech Italy\"},\"image\":{\"@id\":\"https:\\\/\\\/lafrenchtechitaly.com\\\/#\\\/schema\\\/logo\\\/image\\\/\"},\"sameAs\":[\"https:\\\/\\\/www.linkedin.com\\\/company\\\/la-french-tech-italy\\\/\"]}]}<\/script>\n<!-- \/ Yoast SEO plugin. -->","yoast_head_json":{"title":"David C\u00e9zon - La French Tech Italia","description":"Scopri di pi\u00f9 su David C\u00e9zon, Presidente di French Tech Italia e Direttore Alleanze Strategiche di Leyton. \u00c8 un esperto di innovazione, partnership strategiche, trasformazione digitale e sviluppo dell'ecosistema tecnologico franco-italiano.","robots":{"index":"index","follow":"follow","max-snippet":"max-snippet:-1","max-image-preview":"max-image-preview:large","max-video-preview":"max-video-preview:-1"},"canonical":"https:\/\/lafrenchtechitaly.com\/it\/il-nostro-board\/david-cezon\/","og_locale":"it_IT","og_type":"article","og_title":"David C\u00e9zon - La French Tech Italy","og_description":"D\u00e9couvrez le parcours de David C\u00e9zon, Pr\u00e9sident de la French Tech Italy et Strategic Alliances Director chez Leyton. Expert en innovation, partenariats strat\u00e9giques, digital transformation et d\u00e9veloppement de l\u2019\u00e9cosyst\u00e8me tech France\u2013Italie.","og_url":"https:\/\/lafrenchtechitaly.com\/it\/il-nostro-board\/david-cezon\/","og_site_name":"La French Tech Italy","article_modified_time":"2025-12-10T14:02:44+00:00","og_image":[{"width":586,"height":664,"url":"https:\/\/lafrenchtechitaly.com\/wp-content\/uploads\/2025\/12\/French_Tech_Italy_David.jpg","type":"image\/jpeg"}],"twitter_card":"summary_large_image","twitter_misc":{"Tempo di lettura stimato":"2 minuti"},"schema":{"@context":"https:\/\/schema.org","@graph":[{"@type":"WebPage","@id":"https:\/\/lafrenchtechitaly.com\/board\/david-cezon\/","url":"https:\/\/lafrenchtechitaly.com\/board\/david-cezon\/","name":"David C\u00e9zon - La French Tech Italia","isPartOf":{"@id":"https:\/\/lafrenchtechitaly.com\/#website"},"primaryImageOfPage":{"@id":"https:\/\/lafrenchtechitaly.com\/board\/david-cezon\/#primaryimage"},"image":{"@id":"https:\/\/lafrenchtechitaly.com\/board\/david-cezon\/#primaryimage"},"thumbnailUrl":"https:\/\/lafrenchtechitaly.com\/wp-content\/uploads\/2025\/12\/French_Tech_Italy_David.jpg","datePublished":"2025-10-01T09:21:07+00:00","dateModified":"2025-12-10T14:02:44+00:00","description":"Scopri di pi\u00f9 su David C\u00e9zon, Presidente di French Tech Italia e Direttore Alleanze Strategiche di Leyton. \u00c8 un esperto di innovazione, partnership strategiche, trasformazione digitale e sviluppo dell'ecosistema tecnologico franco-italiano.","breadcrumb":{"@id":"https:\/\/lafrenchtechitaly.com\/board\/david-cezon\/#breadcrumb"},"inLanguage":"it-IT","potentialAction":[{"@type":"ReadAction","target":["https:\/\/lafrenchtechitaly.com\/board\/david-cezon\/"]}]},{"@type":"ImageObject","inLanguage":"it-IT","@id":"https:\/\/lafrenchtechitaly.com\/board\/david-cezon\/#primaryimage","url":"https:\/\/lafrenchtechitaly.com\/wp-content\/uploads\/2025\/12\/French_Tech_Italy_David.jpg","contentUrl":"https:\/\/lafrenchtechitaly.com\/wp-content\/uploads\/2025\/12\/French_Tech_Italy_David.jpg","width":586,"height":664},{"@type":"BreadcrumbList","@id":"https:\/\/lafrenchtechitaly.com\/board\/david-cezon\/#breadcrumb","itemListElement":[{"@type":"ListItem","position":1,"name":"Accueil","item":"https:\/\/lafrenchtechitaly.com\/"},{"@type":"ListItem","position":2,"name":"Board","item":"https:\/\/lafrenchtechitaly.com\/board\/"},{"@type":"ListItem","position":3,"name":"David C\u00e9zon"}]},{"@type":"WebSite","@id":"https:\/\/lafrenchtechitaly.com\/#website","url":"https:\/\/lafrenchtechitaly.com\/","name":"La French Tech Italy","description":"La rete tecnologica che unisce Francia e Italia","publisher":{"@id":"https:\/\/lafrenchtechitaly.com\/#organization"},"potentialAction":[{"@type":"SearchAction","target":{"@type":"EntryPoint","urlTemplate":"https:\/\/lafrenchtechitaly.com\/?s={search_term_string}"},"query-input":{"@type":"PropertyValueSpecification","valueRequired":true,"valueName":"search_term_string"}}],"inLanguage":"it-IT"},{"@type":"Organization","@id":"https:\/\/lafrenchtechitaly.com\/#organization","name":"La French Tech Italy","url":"https:\/\/lafrenchtechitaly.com\/","logo":{"@type":"ImageObject","inLanguage":"it-IT","@id":"https:\/\/lafrenchtechitaly.com\/#\/schema\/logo\/image\/","url":"https:\/\/lafrenchtechitaly.com\/wp-content\/uploads\/2025\/12\/LOGO_FT_1.png","contentUrl":"https:\/\/lafrenchtechitaly.com\/wp-content\/uploads\/2025\/12\/LOGO_FT_1.png","width":351,"height":121,"caption":"La French Tech Italy"},"image":{"@id":"https:\/\/lafrenchtechitaly.com\/#\/schema\/logo\/image\/"},"sameAs":["https:\/\/www.linkedin.com\/company\/la-french-tech-italy\/"]}]}},"_links":{"self":[{"href":"https:\/\/lafrenchtechitaly.com\/it\/wp-json\/wp\/v2\/pages\/2585","targetHints":{"allow":["GET"]}}],"collection":[{"href":"https:\/\/lafrenchtechitaly.com\/it\/wp-json\/wp\/v2\/pages"}],"about":[{"href":"https:\/\/lafrenchtechitaly.com\/it\/wp-json\/wp\/v2\/types\/page"}],"author":[{"embeddable":true,"href":"https:\/\/lafrenchtechitaly.com\/it\/wp-json\/wp\/v2\/users\/1"}],"replies":[{"embeddable":true,"href":"https:\/\/lafrenchtechitaly.com\/it\/wp-json\/wp\/v2\/comments?post=2585"}],"version-history":[{"count":25,"href":"https:\/\/lafrenchtechitaly.com\/it\/wp-json\/wp\/v2\/pages\/2585\/revisions"}],"predecessor-version":[{"id":988593,"href":"https:\/\/lafrenchtechitaly.com\/it\/wp-json\/wp\/v2\/pages\/2585\/revisions\/988593"}],"up":[{"embeddable":true,"href":"https:\/\/lafrenchtechitaly.com\/it\/wp-json\/wp\/v2\/pages\/899"}],"wp:featuredmedia":[{"embeddable":true,"href":"https:\/\/lafrenchtechitaly.com\/it\/wp-json\/wp\/v2\/media\/988053"}],"wp:attachment":[{"href":"https:\/\/lafrenchtechitaly.com\/it\/wp-json\/wp\/v2\/media?parent=2585"}],"curies":[{"name":"wp","href":"https:\/\/api.w.org\/{rel}","templated":true}]}}