{"id":899,"date":"2023-06-26T09:32:57","date_gmt":"2023-06-26T09:32:57","guid":{"rendered":"https:\/\/beratung.vamtam.com\/?page_id=899"},"modified":"2026-01-23T10:53:06","modified_gmt":"2026-01-23T09:53:06","slug":"il-nostro-board","status":"publish","type":"page","link":"https:\/\/lafrenchtechitaly.com\/it\/board\/","title":{"rendered":"Board"},"content":{"rendered":"\t\t<div data-elementor-type=\"wp-page\" data-elementor-id=\"899\" class=\"elementor elementor-899\" data-elementor-post-type=\"page\">\n\t\t\t\t\t\t<section class=\"elementor-section elementor-top-section elementor-element elementor-element-249573e elementor-section-full_width elementor-section-content-middle elementor-section-height-default elementor-section-height-default\" data-id=\"249573e\" data-element_type=\"section\" data-e-type=\"section\">\n\t\t\t\t\t\t<div class=\"elementor-container elementor-column-gap-no\">\n\t\t\t\t\t<div class=\"elementor-column elementor-col-100 elementor-top-column elementor-element elementor-element-225ad8c\" data-id=\"225ad8c\" data-element_type=\"column\" data-e-type=\"column\">\n\t\t\t<div class=\"elementor-widget-wrap elementor-element-populated\">\n\t\t\t\t\t\t<section class=\"elementor-section elementor-inner-section elementor-element elementor-element-66267ac elementor-section-height-min-height elementor-section-content-middle elementor-section-boxed elementor-section-height-default\" data-id=\"66267ac\" data-element_type=\"section\" data-e-type=\"section\">\n\t\t\t\t\t\t<div class=\"elementor-container elementor-column-gap-no\">\n\t\t\t\t\t<div class=\"elementor-column elementor-col-100 elementor-inner-column elementor-element elementor-element-a8f99bd\" data-id=\"a8f99bd\" data-element_type=\"column\" data-e-type=\"column\">\n\t\t\t<div class=\"elementor-widget-wrap elementor-element-populated\">\n\t\t\t\t\t\t<div class=\"vamtam-has-theme-widget-styles elementor-element elementor-element-433ceb1 elementor-widget elementor-widget-text-editor\" data-id=\"433ceb1\" data-element_type=\"widget\" data-e-type=\"widget\" data-widget_type=\"text-editor.default\">\n\t\t\t\t<div class=\"elementor-widget-container\">\n\t\t\t\t\t\t\t\t\t<p>Depuis sa cr\u00e9ation \u00e0 Milan en 2016, la French Tech Italy aborde chaque collaboration avec une perspective unique, nourrie par dix ann\u00e9es d\u2019engagement et un dynamisme constant qui stimule l\u2019action. Son maillage territorial puissant, ancr\u00e9 en Lombardie, Latium et Campanie, s\u2019appuie sur une \u00e9nergie collective qui inspire innovation, ouverture et ambition au sein de tout l\u2019\u00e9cosyst\u00e8me franco-italien.<\/p><p>En tant que l\u2019une des 69 Communaut\u00e9s French Tech reconnues \u00e0 l\u2019international, nous cultivons un environnement fond\u00e9 sur la confiance, l\u2019\u00e9change et le dialogue entre visions diverses, permettant \u00e0 nos membres d\u2019explorer de nouvelles opportunit\u00e9s, renforcer leurs capacit\u00e9s et acc\u00e9l\u00e9rer leurs projets. Ce r\u00e9seau strat\u00e9gique national connecte startups, investisseurs et partenaires cl\u00e9s, cr\u00e9ant un terrain fertile pour transformer les id\u00e9es en r\u00e9ussites concr\u00e8tes.<\/p>\t\t\t\t\t\t\t\t<\/div>\n\t\t\t\t<\/div>\n\t\t\t\t\t<\/div>\n\t\t<\/div>\n\t\t\t\t\t<\/div>\n\t\t<\/section>\n\t\t\t\t<div class=\"elementor-element elementor-element-e602cf9 elementor-absolute elementor-widget elementor-widget-template\" data-id=\"e602cf9\" data-element_type=\"widget\" data-e-type=\"widget\" data-settings=\"{&quot;_position&quot;:&quot;absolute&quot;}\" data-widget_type=\"template.default\">\n\t\t\t\t<div class=\"elementor-widget-container\">\n\t\t\t\t\t\t\t<div class=\"elementor-template\">\n\t\t\t\t\t<div data-elementor-type=\"section\" data-elementor-id=\"10889\" class=\"elementor elementor-10889\" data-elementor-post-type=\"elementor_library\">\n\t\t\t\t\t<section class=\"elementor-section elementor-top-section elementor-element elementor-element-aff5d0f elementor-section-full_width elementor-section-height-default elementor-section-height-default\" data-id=\"aff5d0f\" data-element_type=\"section\" data-e-type=\"section\" data-settings=\"{&quot;motion_fx_motion_fx_scrolling&quot;:&quot;yes&quot;,&quot;motion_fx_translateY_effect&quot;:&quot;yes&quot;,&quot;motion_fx_translateY_speed&quot;:{&quot;unit&quot;:&quot;px&quot;,&quot;size&quot;:1,&quot;sizes&quot;:[]},&quot;motion_fx_translateY_affectedRange&quot;:{&quot;unit&quot;:&quot;%&quot;,&quot;size&quot;:&quot;&quot;,&quot;sizes&quot;:{&quot;start&quot;:0,&quot;end&quot;:58}},&quot;motion_fx_devices&quot;:[&quot;desktop&quot;]}\">\n\t\t\t\t\t\t<div class=\"elementor-container elementor-column-gap-no\">\n\t\t\t\t\t<div class=\"elementor-column elementor-col-100 elementor-top-column elementor-element elementor-element-70019ce\" data-id=\"70019ce\" data-element_type=\"column\" data-e-type=\"column\">\n\t\t\t<div class=\"elementor-widget-wrap elementor-element-populated\">\n\t\t\t\t\t\t<div class=\"elementor-element elementor-element-6ed649e elementor-widget__width-initial e-transform elementor-absolute elementor-widget elementor-widget-spacer\" data-id=\"6ed649e\" data-element_type=\"widget\" data-e-type=\"widget\" data-settings=\"{&quot;_transform_skewX_effect&quot;:{&quot;unit&quot;:&quot;px&quot;,&quot;size&quot;:-20,&quot;sizes&quot;:[]},&quot;_position&quot;:&quot;absolute&quot;,&quot;_transform_skewX_effect_tablet&quot;:{&quot;unit&quot;:&quot;deg&quot;,&quot;size&quot;:&quot;&quot;,&quot;sizes&quot;:[]},&quot;_transform_skewX_effect_mobile&quot;:{&quot;unit&quot;:&quot;deg&quot;,&quot;size&quot;:&quot;&quot;,&quot;sizes&quot;:[]},&quot;_transform_skewY_effect&quot;:{&quot;unit&quot;:&quot;px&quot;,&quot;size&quot;:&quot;&quot;,&quot;sizes&quot;:[]},&quot;_transform_skewY_effect_tablet&quot;:{&quot;unit&quot;:&quot;deg&quot;,&quot;size&quot;:&quot;&quot;,&quot;sizes&quot;:[]},&quot;_transform_skewY_effect_mobile&quot;:{&quot;unit&quot;:&quot;deg&quot;,&quot;size&quot;:&quot;&quot;,&quot;sizes&quot;:[]}}\" data-widget_type=\"spacer.default\">\n\t\t\t\t<div class=\"elementor-widget-container\">\n\t\t\t\t\t\t\t<div class=\"elementor-spacer\">\n\t\t\t<div class=\"elementor-spacer-inner\"><\/div>\n\t\t<\/div>\n\t\t\t\t\t\t<\/div>\n\t\t\t\t<\/div>\n\t\t\t\t\t<\/div>\n\t\t<\/div>\n\t\t\t\t\t<\/div>\n\t\t<\/section>\n\t\t\t\t<\/div>\n\t\t\t\t<\/div>\n\t\t\t\t\t\t<\/div>\n\t\t\t\t<\/div>\n\t\t\t\t\t<\/div>\n\t\t<\/div>\n\t\t\t\t\t<\/div>\n\t\t<\/section>\n\t\t\t\t<section class=\"elementor-section elementor-top-section elementor-element elementor-element-8e72497 elementor-section-height-min-height elementor-section-items-stretch elementor-section-content-middle elementor-section-boxed elementor-section-height-default\" data-id=\"8e72497\" data-element_type=\"section\" data-e-type=\"section\" data-settings=\"{&quot;background_background&quot;:&quot;classic&quot;,&quot;background_motion_fx_translateY_effect&quot;:&quot;yes&quot;,&quot;background_motion_fx_translateY_speed&quot;:{&quot;unit&quot;:&quot;px&quot;,&quot;size&quot;:4.8,&quot;sizes&quot;:[]},&quot;background_motion_fx_devices&quot;:[&quot;desktop&quot;],&quot;background_motion_fx_motion_fx_scrolling&quot;:&quot;yes&quot;,&quot;background_motion_fx_translateY_affectedRange&quot;:{&quot;unit&quot;:&quot;%&quot;,&quot;size&quot;:&quot;&quot;,&quot;sizes&quot;:{&quot;start&quot;:10,&quot;end&quot;:85}}}\">\n\t\t\t\t\t\t\t<div class=\"elementor-background-overlay\"><\/div>\n\t\t\t\t\t\t\t<div class=\"elementor-container elementor-column-gap-no\">\n\t\t\t\t\t<div class=\"elementor-column elementor-col-100 elementor-top-column elementor-element elementor-element-faa7cb4\" data-id=\"faa7cb4\" data-element_type=\"column\" data-e-type=\"column\" data-settings=\"{&quot;background_background&quot;:&quot;classic&quot;}\">\n\t\t\t<div class=\"elementor-widget-wrap elementor-element-populated\">\n\t\t\t\t\t\t<div class=\"elementor-element elementor-element-205b966 elementor-widget__width-auto elementor-absolute elementor-widget elementor-widget-image\" data-id=\"205b966\" data-element_type=\"widget\" data-e-type=\"widget\" data-settings=\"{&quot;_position&quot;:&quot;absolute&quot;}\" data-widget_type=\"image.default\">\n\t\t\t\t<div class=\"elementor-widget-container\">\n\t\t\t\t\t\t\t\t\t\t\t\t\t\t\t<img decoding=\"async\" width=\"351\" height=\"121\" src=\"https:\/\/lafrenchtechitaly.com\/wp-content\/uploads\/2025\/12\/LOGO_FT_1.png\" class=\"attachment-large size-large wp-image-987662\" alt=\"\" srcset=\"https:\/\/lafrenchtechitaly.com\/wp-content\/uploads\/2025\/12\/LOGO_FT_1.png 351w, https:\/\/lafrenchtechitaly.com\/wp-content\/uploads\/2025\/12\/LOGO_FT_1-300x103.png 300w\" sizes=\"(max-width: 351px) 100vw, 351px\" \/>\t\t\t\t\t\t\t\t\t\t\t\t\t\t\t<\/div>\n\t\t\t\t<\/div>\n\t\t\t\t<div class=\"elementor-element elementor-element-0f37981 elementor-widget__width-auto elementor-view-default elementor-invisible elementor-widget elementor-widget-icon\" data-id=\"0f37981\" data-element_type=\"widget\" data-e-type=\"widget\" data-settings=\"{&quot;_animation&quot;:&quot;fadeInUp&quot;,&quot;_animation_tablet&quot;:&quot;none&quot;,&quot;_animation_delay&quot;:300}\" data-widget_type=\"icon.default\">\n\t\t\t\t<div class=\"elementor-widget-container\">\n\t\t\t\t\t\t\t<div class=\"elementor-icon-wrapper\">\n\t\t\t<div class=\"elementor-icon\">\n\t\t\t<i aria-hidden=\"true\" class=\"vamtamtheme- vamtam-theme-brand-symbol\"><\/i>\t\t\t<\/div>\n\t\t<\/div>\n\t\t\t\t\t\t<\/div>\n\t\t\t\t<\/div>\n\t\t\t\t\t<\/div>\n\t\t<\/div>\n\t\t\t\t\t<\/div>\n\t\t<\/section>\n\t\t\t\t<section class=\"elementor-section elementor-top-section elementor-element elementor-element-fa6465a elementor-section-boxed elementor-section-height-default elementor-section-height-default\" data-id=\"fa6465a\" data-element_type=\"section\" data-e-type=\"section\">\n\t\t\t\t\t\t\t<div class=\"elementor-background-overlay\"><\/div>\n\t\t\t\t\t\t\t<div class=\"elementor-container elementor-column-gap-no\">\n\t\t\t\t\t<div class=\"elementor-column elementor-col-50 elementor-top-column elementor-element elementor-element-1322a78\" data-id=\"1322a78\" data-element_type=\"column\" data-e-type=\"column\">\n\t\t\t<div class=\"elementor-widget-wrap elementor-element-populated\">\n\t\t\t\t\t\t<div class=\"elementor-element elementor-element-b2b008b elementor-widget elementor-widget-heading\" data-id=\"b2b008b\" data-element_type=\"widget\" data-e-type=\"widget\" data-widget_type=\"heading.default\">\n\t\t\t\t<div class=\"elementor-widget-container\">\n\t\t\t\t\t<h2 class=\"elementor-heading-title elementor-size-default\">Des valeurs qui drivent notre culture<\/h2>\t\t\t\t<\/div>\n\t\t\t\t<\/div>\n\t\t\t\t<div class=\"vamtam-has-theme-widget-styles elementor-element elementor-element-d390657 vamtam-has-underline-anim elementor-widget elementor-widget-button\" data-id=\"d390657\" data-element_type=\"widget\" data-e-type=\"widget\" data-widget_type=\"button.default\">\n\t\t\t\t<div class=\"elementor-widget-container\">\n\t\t\t\t\t\t\t\t\t<div class=\"elementor-button-wrapper\">\n\t\t\t\t\t<a class=\"elementor-button elementor-button-link elementor-size-sm\" href=\"https:\/\/www.linkedin.com\/company\/la-french-tech-italy\/\">\n\t\t\t\t\t\t<span class=\"elementor-button-content-wrapper\">\n\t\t\t\t\t\t\t\t\t<span class=\"elementor-button-text\">Rejoignez notre communaut\u00e9<\/span>\n\t\t\t\t\t<\/span>\n\t\t\t\t\t<\/a>\n\t\t\t\t<\/div>\n\t\t\t\t\t\t\t\t<\/div>\n\t\t\t\t<\/div>\n\t\t\t\t\t<\/div>\n\t\t<\/div>\n\t\t\t\t<div class=\"elementor-column elementor-col-50 elementor-top-column elementor-element elementor-element-486d17d\" data-id=\"486d17d\" data-element_type=\"column\" data-e-type=\"column\">\n\t\t\t<div class=\"elementor-widget-wrap elementor-element-populated\">\n\t\t\t\t\t\t<div class=\"vamtam-has-theme-widget-styles elementor-element elementor-element-854050f elementor-widget elementor-widget-text-editor\" data-id=\"854050f\" data-element_type=\"widget\" data-e-type=\"widget\" data-widget_type=\"text-editor.default\">\n\t\t\t\t<div class=\"elementor-widget-container\">\n\t\t\t\t\t\t\t\t\t<p>Ensemble, nous obtenons des r\u00e9sultats remarquables qui d\u00e9passent les fronti\u00e8res \u00e9tablies, soutenus par des leaders engag\u00e9s \u00e0 fa\u00e7onner un futur plus durable, inclusif et innovant. Cette ambition partag\u00e9e permet de lib\u00e9rer tout le potentiel de ceux qui, comme nous, construisent la tech europ\u00e9enne de demain.<\/p><p>Cette ambition partag\u00e9e est \u00e9galement soutenue par des institutions locales et nationales qui jouent un r\u00f4le essentiel dans notre dynamique : l\u2019Ambassade de France en Italie, le Consulat G\u00e9n\u00e9ral de France \u00e0 Milan, Business France Italie, la CCI France Italie, le Village by CA Milano et, bien s\u00fbr, le si\u00e8ge de la French Tech. Leur engagement renforce notre action, consolide les ponts entre nos \u00e9cosyst\u00e8mes et amplifie l\u2019impact collectif que nous construisons jour apr\u00e8s jour.<\/p>\t\t\t\t\t\t\t\t<\/div>\n\t\t\t\t<\/div>\n\t\t\t\t\t<\/div>\n\t\t<\/div>\n\t\t\t\t\t<\/div>\n\t\t<\/section>\n\t\t\t\t<section class=\"elementor-section elementor-top-section elementor-element elementor-element-ee38511 elementor-section-content-middle elementor-reverse-mobile elementor-section-boxed elementor-section-height-default elementor-section-height-default\" data-id=\"ee38511\" data-element_type=\"section\" data-e-type=\"section\">\n\t\t\t\t\t\t<div class=\"elementor-container elementor-column-gap-no\">\n\t\t\t\t\t<div class=\"elementor-column elementor-col-100 elementor-top-column elementor-element elementor-element-1367452\" data-id=\"1367452\" data-element_type=\"column\" data-e-type=\"column\">\n\t\t\t<div class=\"elementor-widget-wrap elementor-element-populated\">\n\t\t\t\t\t\t<div class=\"elementor-element elementor-element-65e4578 elementor-align-start elementor-icon-list--layout-traditional elementor-list-item-link-full_width elementor-widget elementor-widget-icon-list\" data-id=\"65e4578\" data-element_type=\"widget\" data-e-type=\"widget\" data-widget_type=\"icon-list.default\">\n\t\t\t\t<div class=\"elementor-widget-container\">\n\t\t\t\t\t\t\t<ul class=\"elementor-icon-list-items\">\n\t\t\t\t\t\t\t<li class=\"elementor-icon-list-item\">\n\t\t\t\t\t\t\t\t\t\t\t<span class=\"elementor-icon-list-icon\">\n\t\t\t\t\t\t\t<i aria-hidden=\"true\" class=\"vamtamtheme- vamtam-theme-brand-symbol\"><\/i>\t\t\t\t\t\t<\/span>\n\t\t\t\t\t\t\t\t\t\t<span class=\"elementor-icon-list-text\">Notre r\u00e9seau<\/span>\n\t\t\t\t\t\t\t\t\t<\/li>\n\t\t\t\t\t\t<\/ul>\n\t\t\t\t\t\t<\/div>\n\t\t\t\t<\/div>\n\t\t\t\t\t<\/div>\n\t\t<\/div>\n\t\t\t\t\t<\/div>\n\t\t<\/section>\n\t\t\t\t<section class=\"elementor-section elementor-top-section elementor-element elementor-element-9ab5b87 elementor-section-boxed elementor-section-height-default elementor-section-height-default\" data-id=\"9ab5b87\" data-element_type=\"section\" data-e-type=\"section\">\n\t\t\t\t\t\t<div class=\"elementor-container elementor-column-gap-no\">\n\t\t\t\t\t<div class=\"elementor-column elementor-col-100 elementor-top-column elementor-element elementor-element-b6a68e6\" data-id=\"b6a68e6\" data-element_type=\"column\" data-e-type=\"column\">\n\t\t\t<div class=\"elementor-widget-wrap elementor-element-populated\">\n\t\t\t\t\t\t<section class=\"elementor-section elementor-inner-section elementor-element elementor-element-014a41c elementor-section-boxed elementor-section-height-default elementor-section-height-default\" data-id=\"014a41c\" data-element_type=\"section\" data-e-type=\"section\">\n\t\t\t\t\t\t<div class=\"elementor-container elementor-column-gap-no\">\n\t\t\t\t\t<div class=\"elementor-column elementor-col-33 elementor-inner-column elementor-element elementor-element-266abd0\" data-id=\"266abd0\" data-element_type=\"column\" data-e-type=\"column\">\n\t\t\t<div class=\"elementor-widget-wrap elementor-element-populated\">\n\t\t\t\t\t\t<div class=\"elementor-element elementor-element-cbeeeba elementor-widget elementor-widget-heading\" data-id=\"cbeeeba\" data-element_type=\"widget\" data-e-type=\"widget\" data-widget_type=\"heading.default\">\n\t\t\t\t<div class=\"elementor-widget-container\">\n\t\t\t\t\t<div class=\"elementor-heading-title elementor-size-default\">+400<\/div>\t\t\t\t<\/div>\n\t\t\t\t<\/div>\n\t\t\t\t<div class=\"elementor-element elementor-element-8b4f7e7 elementor-widget elementor-widget-heading\" data-id=\"8b4f7e7\" data-element_type=\"widget\" data-e-type=\"widget\" data-widget_type=\"heading.default\">\n\t\t\t\t<div class=\"elementor-widget-container\">\n\t\t\t\t\t<h6 class=\"elementor-heading-title elementor-size-default\">Partenaires et talents<\/h6>\t\t\t\t<\/div>\n\t\t\t\t<\/div>\n\t\t\t\t<div class=\"vamtam-has-theme-widget-styles elementor-element elementor-element-44b70c0 elementor-widget elementor-widget-text-editor\" data-id=\"44b70c0\" data-element_type=\"widget\" data-e-type=\"widget\" data-widget_type=\"text-editor.default\">\n\t\t\t\t<div class=\"elementor-widget-container\">\n\t\t\t\t\t\t\t\t\t<p>Ils favorisent collaborations strat\u00e9giques, innovation et d\u00e9veloppement transnational franco-italien.<\/p>\t\t\t\t\t\t\t\t<\/div>\n\t\t\t\t<\/div>\n\t\t\t\t\t<\/div>\n\t\t<\/div>\n\t\t\t\t<div class=\"elementor-column elementor-col-33 elementor-inner-column elementor-element elementor-element-70d3ead\" data-id=\"70d3ead\" data-element_type=\"column\" data-e-type=\"column\">\n\t\t\t<div class=\"elementor-widget-wrap elementor-element-populated\">\n\t\t\t\t\t\t<div class=\"elementor-element elementor-element-0eb3cf6 elementor-widget elementor-widget-heading\" data-id=\"0eb3cf6\" data-element_type=\"widget\" data-e-type=\"widget\" data-widget_type=\"heading.default\">\n\t\t\t\t<div class=\"elementor-widget-container\">\n\t\t\t\t\t<div class=\"elementor-heading-title elementor-size-default\">37<\/div>\t\t\t\t<\/div>\n\t\t\t\t<\/div>\n\t\t\t\t<div class=\"elementor-element elementor-element-b43a7a3 elementor-widget elementor-widget-heading\" data-id=\"b43a7a3\" data-element_type=\"widget\" data-e-type=\"widget\" data-widget_type=\"heading.default\">\n\t\t\t\t<div class=\"elementor-widget-container\">\n\t\t\t\t\t<h6 class=\"elementor-heading-title elementor-size-default\">Entreprises Next40\/120<\/h6>\t\t\t\t<\/div>\n\t\t\t\t<\/div>\n\t\t\t\t<div class=\"vamtam-has-theme-widget-styles elementor-element elementor-element-89c68b8 elementor-widget elementor-widget-text-editor\" data-id=\"89c68b8\" data-element_type=\"widget\" data-e-type=\"widget\" data-widget_type=\"text-editor.default\">\n\t\t\t\t<div class=\"elementor-widget-container\">\n\t\t\t\t\t\t\t\t\t<p>37 entreprises du Next40\/120 font partie de notre r\u00e9seau, acc\u00e9l\u00e9rant croissance, visibilit\u00e9 et opportunit\u00e9s cross-border.<\/p>\t\t\t\t\t\t\t\t<\/div>\n\t\t\t\t<\/div>\n\t\t\t\t\t<\/div>\n\t\t<\/div>\n\t\t\t\t<div class=\"elementor-column elementor-col-33 elementor-inner-column elementor-element elementor-element-a78dd07\" data-id=\"a78dd07\" data-element_type=\"column\" data-e-type=\"column\">\n\t\t\t<div class=\"elementor-widget-wrap elementor-element-populated\">\n\t\t\t\t\t\t<div class=\"elementor-element elementor-element-4880730 elementor-widget elementor-widget-heading\" data-id=\"4880730\" data-element_type=\"widget\" data-e-type=\"widget\" data-widget_type=\"heading.default\">\n\t\t\t\t<div class=\"elementor-widget-container\">\n\t\t\t\t\t<div class=\"elementor-heading-title elementor-size-default\">+50<\/div>\t\t\t\t<\/div>\n\t\t\t\t<\/div>\n\t\t\t\t<div class=\"elementor-element elementor-element-9e762d0 elementor-widget elementor-widget-heading\" data-id=\"9e762d0\" data-element_type=\"widget\" data-e-type=\"widget\" data-widget_type=\"heading.default\">\n\t\t\t\t<div class=\"elementor-widget-container\">\n\t\t\t\t\t<h6 class=\"elementor-heading-title elementor-size-default\">\u00c9v\u00e9nements annuels<\/h6>\t\t\t\t<\/div>\n\t\t\t\t<\/div>\n\t\t\t\t<div class=\"vamtam-has-theme-widget-styles elementor-element elementor-element-2333420 elementor-widget elementor-widget-text-editor\" data-id=\"2333420\" data-element_type=\"widget\" data-e-type=\"widget\" data-widget_type=\"text-editor.default\">\n\t\t\t\t<div class=\"elementor-widget-container\">\n\t\t\t\t\t\t\t\t\t<p>Nous participons \u00e0 plus de 50 \u00e9v\u00e9nements annuels, stimulant \u00e9changes, partenariats et diffusion des innovations technologiques.<\/p>\t\t\t\t\t\t\t\t<\/div>\n\t\t\t\t<\/div>\n\t\t\t\t\t<\/div>\n\t\t<\/div>\n\t\t\t\t\t<\/div>\n\t\t<\/section>\n\t\t\t\t\t<\/div>\n\t\t<\/div>\n\t\t\t\t\t<\/div>\n\t\t<\/section>\n\t\t\t\t<section class=\"elementor-section elementor-top-section elementor-element elementor-element-18e386d elementor-section-height-min-height elementor-section-items-stretch elementor-section-boxed elementor-section-height-default\" data-id=\"18e386d\" data-element_type=\"section\" data-e-type=\"section\">\n\t\t\t\t\t\t<div class=\"elementor-container elementor-column-gap-no\">\n\t\t\t\t\t<div class=\"elementor-column elementor-col-100 elementor-top-column elementor-element elementor-element-b9669f0\" data-id=\"b9669f0\" data-element_type=\"column\" data-e-type=\"column\" data-settings=\"{&quot;background_background&quot;:&quot;classic&quot;,&quot;background_motion_fx_motion_fx_scrolling&quot;:&quot;yes&quot;,&quot;background_motion_fx_translateY_effect&quot;:&quot;yes&quot;,&quot;background_motion_fx_translateY_speed&quot;:{&quot;unit&quot;:&quot;px&quot;,&quot;size&quot;:2,&quot;sizes&quot;:[]},&quot;background_motion_fx_translateY_affectedRange&quot;:{&quot;unit&quot;:&quot;%&quot;,&quot;size&quot;:&quot;&quot;,&quot;sizes&quot;:{&quot;start&quot;:2,&quot;end&quot;:67}},&quot;background_motion_fx_devices&quot;:[&quot;desktop&quot;]}\">\n\t\t\t<div class=\"elementor-widget-wrap elementor-element-populated\">\n\t\t\t\t\t\t<div class=\"elementor-element elementor-element-2211650 elementor-widget elementor-widget-heading\" data-id=\"2211650\" data-element_type=\"widget\" data-e-type=\"widget\" data-widget_type=\"heading.default\">\n\t\t\t\t<div class=\"elementor-widget-container\">\n\t\t\t\t\t<h2 class=\"elementor-heading-title elementor-size-default\">Connectons-nous !<\/h2>\t\t\t\t<\/div>\n\t\t\t\t<\/div>\n\t\t\t\t<div class=\"vamtam-has-theme-widget-styles elementor-element elementor-element-cd8602a elementor-widget elementor-widget-text-editor\" data-id=\"cd8602a\" data-element_type=\"widget\" data-e-type=\"widget\" data-widget_type=\"text-editor.default\">\n\t\t\t\t<div class=\"elementor-widget-container\">\n\t\t\t\t\t\t\t\t\t<p>Notre \u00e9quipe d\u00e9finit la direction strat\u00e9gique et supervise les op\u00e9rations de la communaut\u00e9, en connectant startups, investisseurs et partenaires franco-italiens. Connectez-vous aux 10 membres de notre board, acteurs engag\u00e9s et experts reconnus dans leurs secteurs, qui fa\u00e7onnent l\u2019innovation et renforcent le r\u00f4le de l\u2019Italie au sein de la French Tech europ\u00e9enne.<\/p>\t\t\t\t\t\t\t\t<\/div>\n\t\t\t\t<\/div>\n\t\t\t\t\t<\/div>\n\t\t<\/div>\n\t\t\t\t\t<\/div>\n\t\t<\/section>\n\t\t\t\t<section class=\"elementor-section elementor-top-section elementor-element elementor-element-6c75245 elementor-section-boxed elementor-section-height-default elementor-section-height-default\" data-id=\"6c75245\" data-element_type=\"section\" data-e-type=\"section\">\n\t\t\t\t\t\t<div class=\"elementor-container elementor-column-gap-no\">\n\t\t\t\t\t<div class=\"elementor-column elementor-col-100 elementor-top-column elementor-element elementor-element-13e7772\" data-id=\"13e7772\" data-element_type=\"column\" data-e-type=\"column\">\n\t\t\t<div class=\"elementor-widget-wrap elementor-element-populated\">\n\t\t\t\t\t\t<div class=\"vamtam-has-theme-widget-styles elementor-element elementor-element-2ce885d elementor-grid-5 elementor-grid-tablet-2 elementor-grid-mobile-1 elementor-posts--thumbnail-top elementor-show-pagination-border-yes elementor-widget elementor-widget-posts\" data-id=\"2ce885d\" data-element_type=\"widget\" data-e-type=\"widget\" data-settings=\"{&quot;classic_columns&quot;:&quot;5&quot;,&quot;classic_row_gap_mobile&quot;:{&quot;unit&quot;:&quot;px&quot;,&quot;size&quot;:25,&quot;sizes&quot;:[]},&quot;pagination_type&quot;:&quot;numbers&quot;,&quot;classic_columns_tablet&quot;:&quot;2&quot;,&quot;classic_columns_mobile&quot;:&quot;1&quot;,&quot;classic_row_gap&quot;:{&quot;unit&quot;:&quot;px&quot;,&quot;size&quot;:35,&quot;sizes&quot;:[]},&quot;classic_row_gap_tablet&quot;:{&quot;unit&quot;:&quot;px&quot;,&quot;size&quot;:&quot;&quot;,&quot;sizes&quot;:[]}}\" data-widget_type=\"posts.classic\">\n\t\t\t\t<div class=\"elementor-widget-container\">\n\t\t\t\t\t\t\t<div class=\"elementor-posts-container elementor-posts elementor-posts--skin-classic elementor-grid\" role=\"list\">\n\t\t\t\t<article class=\"elementor-post elementor-grid-item post-2585 page type-page status-publish has-post-thumbnail hentry\" role=\"listitem\">\n\t\t\t\t<a class=\"elementor-post__thumbnail__link\" href=\"https:\/\/lafrenchtechitaly.com\/it\/board\/david-cezon\/\" tabindex=\"-1\" >\n\t\t\t<div class=\"elementor-post__thumbnail\"><img fetchpriority=\"high\" decoding=\"async\" width=\"586\" height=\"664\" src=\"https:\/\/lafrenchtechitaly.com\/wp-content\/uploads\/2025\/12\/French_Tech_Italy_David.jpg\" class=\"attachment-large size-large wp-image-988053\" alt=\"\" srcset=\"https:\/\/lafrenchtechitaly.com\/wp-content\/uploads\/2025\/12\/French_Tech_Italy_David.jpg 586w, https:\/\/lafrenchtechitaly.com\/wp-content\/uploads\/2025\/12\/French_Tech_Italy_David-265x300.jpg 265w\" sizes=\"(max-width: 586px) 100vw, 586px\" \/><\/div>\n\t\t<\/a>\n\t\t\t\t<div class=\"elementor-post__text\">\n\t\t\t\t<h3 class=\"elementor-post__title\">\n\t\t\t<a href=\"https:\/\/lafrenchtechitaly.com\/it\/board\/david-cezon\/\" >\n\t\t\t\tDavid C\u00e9zon\t\t\t<\/a>\n\t\t<\/h3>\n\t\t\t\t<div class=\"elementor-post__excerpt\">\n\t\t\t<p>Pr\u00e9sident French Tech Italy,<\/br>Strategic Alliances Leyton <\/p>\n\t\t<\/div>\n\t\t\n\t\t<a class=\"elementor-post__read-more\" href=\"https:\/\/lafrenchtechitaly.com\/it\/board\/david-cezon\/\" aria-label=\"Leggi tutto David C\u00e9zon\" tabindex=\"-1\" >\n\t\t\tLink bio &gt;\t\t<\/a>\n\n\t\t\t\t<\/div>\n\t\t\t\t<\/article>\n\t\t\t\t<article class=\"elementor-post elementor-grid-item post-2584 page type-page status-publish has-post-thumbnail hentry\" role=\"listitem\">\n\t\t\t\t<a class=\"elementor-post__thumbnail__link\" href=\"https:\/\/lafrenchtechitaly.com\/it\/board\/paola-tracarichi\/\" tabindex=\"-1\" >\n\t\t\t<div class=\"elementor-post__thumbnail\"><img decoding=\"async\" width=\"586\" height=\"664\" src=\"https:\/\/lafrenchtechitaly.com\/wp-content\/uploads\/2025\/12\/French_Tech_Italy_Paola.jpg\" class=\"attachment-large size-large wp-image-988054\" alt=\"\" srcset=\"https:\/\/lafrenchtechitaly.com\/wp-content\/uploads\/2025\/12\/French_Tech_Italy_Paola.jpg 586w, https:\/\/lafrenchtechitaly.com\/wp-content\/uploads\/2025\/12\/French_Tech_Italy_Paola-265x300.jpg 265w\" sizes=\"(max-width: 586px) 100vw, 586px\" \/><\/div>\n\t\t<\/a>\n\t\t\t\t<div class=\"elementor-post__text\">\n\t\t\t\t<h3 class=\"elementor-post__title\">\n\t\t\t<a href=\"https:\/\/lafrenchtechitaly.com\/it\/board\/paola-tracarichi\/\" >\n\t\t\t\tPaola Trecarichi\t\t\t<\/a>\n\t\t<\/h3>\n\t\t\t\t<div class=\"elementor-post__excerpt\">\n\t\t\t<p>Vice-Pr\u00e9sidente French Tech Italy,<\/br>General Manager Hipay Italia<\/p>\n\t\t<\/div>\n\t\t\n\t\t<a class=\"elementor-post__read-more\" href=\"https:\/\/lafrenchtechitaly.com\/it\/board\/paola-tracarichi\/\" aria-label=\"Leggi tutto Paola Trecarichi\" tabindex=\"-1\" >\n\t\t\tLink bio &gt;\t\t<\/a>\n\n\t\t\t\t<\/div>\n\t\t\t\t<\/article>\n\t\t\t\t<article class=\"elementor-post elementor-grid-item post-2583 page type-page status-publish has-post-thumbnail hentry\" role=\"listitem\">\n\t\t\t\t<a class=\"elementor-post__thumbnail__link\" href=\"https:\/\/lafrenchtechitaly.com\/it\/board\/helene-thibault\/\" tabindex=\"-1\" >\n\t\t\t<div class=\"elementor-post__thumbnail\"><img loading=\"lazy\" decoding=\"async\" width=\"586\" height=\"664\" src=\"https:\/\/lafrenchtechitaly.com\/wp-content\/uploads\/2026\/02\/French_Tech_Italy_Helene.jpg\" class=\"attachment-large size-large wp-image-988950\" alt=\"\" srcset=\"https:\/\/lafrenchtechitaly.com\/wp-content\/uploads\/2026\/02\/French_Tech_Italy_Helene.jpg 586w, https:\/\/lafrenchtechitaly.com\/wp-content\/uploads\/2026\/02\/French_Tech_Italy_Helene-265x300.jpg 265w, https:\/\/lafrenchtechitaly.com\/wp-content\/uploads\/2026\/02\/French_Tech_Italy_Helene-11x12.jpg 11w\" sizes=\"(max-width: 586px) 100vw, 586px\" \/><\/div>\n\t\t<\/a>\n\t\t\t\t<div class=\"elementor-post__text\">\n\t\t\t\t<h3 class=\"elementor-post__title\">\n\t\t\t<a href=\"https:\/\/lafrenchtechitaly.com\/it\/board\/helene-thibault\/\" >\n\t\t\t\tH\u00e9l\u00e8ne Thibault\t\t\t<\/a>\n\t\t<\/h3>\n\t\t\t\t<div class=\"elementor-post__excerpt\">\n\t\t\t<p>Vice-Pr\u00e9sidente French Tech Italy,<\/br>Associ\u00e9e Tonucci &#038; Partners<\/p>\n\t\t<\/div>\n\t\t\n\t\t<a class=\"elementor-post__read-more\" href=\"https:\/\/lafrenchtechitaly.com\/it\/board\/helene-thibault\/\" aria-label=\"Leggi tutto H\u00e9l\u00e8ne Thibault\" tabindex=\"-1\" >\n\t\t\tLink bio &gt;\t\t<\/a>\n\n\t\t\t\t<\/div>\n\t\t\t\t<\/article>\n\t\t\t\t<article class=\"elementor-post elementor-grid-item post-2582 page type-page status-publish has-post-thumbnail hentry\" role=\"listitem\">\n\t\t\t\t<a class=\"elementor-post__thumbnail__link\" href=\"https:\/\/lafrenchtechitaly.com\/it\/board\/andrea-bovarini\/\" tabindex=\"-1\" >\n\t\t\t<div class=\"elementor-post__thumbnail\"><img loading=\"lazy\" decoding=\"async\" width=\"586\" height=\"664\" src=\"https:\/\/lafrenchtechitaly.com\/wp-content\/uploads\/2025\/12\/French_Tech_Italy_Andrea.jpg\" class=\"attachment-large size-large wp-image-988056\" alt=\"\" srcset=\"https:\/\/lafrenchtechitaly.com\/wp-content\/uploads\/2025\/12\/French_Tech_Italy_Andrea.jpg 586w, https:\/\/lafrenchtechitaly.com\/wp-content\/uploads\/2025\/12\/French_Tech_Italy_Andrea-265x300.jpg 265w\" sizes=\"(max-width: 586px) 100vw, 586px\" \/><\/div>\n\t\t<\/a>\n\t\t\t\t<div class=\"elementor-post__text\">\n\t\t\t\t<h3 class=\"elementor-post__title\">\n\t\t\t<a href=\"https:\/\/lafrenchtechitaly.com\/it\/board\/andrea-bovarini\/\" >\n\t\t\t\tAndrea Bovarini\t\t\t<\/a>\n\t\t<\/h3>\n\t\t\t\t<div class=\"elementor-post__excerpt\">\n\t\t\t<p>Membre French Tech Italy,<\/br>Business Dir. Commanders Act<\/p>\n\t\t<\/div>\n\t\t\n\t\t<a class=\"elementor-post__read-more\" href=\"https:\/\/lafrenchtechitaly.com\/it\/board\/andrea-bovarini\/\" aria-label=\"Leggi tutto Andrea Bovarini\" tabindex=\"-1\" >\n\t\t\tLink bio &gt;\t\t<\/a>\n\n\t\t\t\t<\/div>\n\t\t\t\t<\/article>\n\t\t\t\t<article class=\"elementor-post elementor-grid-item post-2581 page type-page status-publish has-post-thumbnail hentry\" role=\"listitem\">\n\t\t\t\t<a class=\"elementor-post__thumbnail__link\" href=\"https:\/\/lafrenchtechitaly.com\/it\/board\/patrizia-galbiati\/\" tabindex=\"-1\" >\n\t\t\t<div class=\"elementor-post__thumbnail\"><img loading=\"lazy\" decoding=\"async\" width=\"586\" height=\"664\" src=\"https:\/\/lafrenchtechitaly.com\/wp-content\/uploads\/2025\/12\/French_Tech_Italy_Patrizia.jpg\" class=\"attachment-large size-large wp-image-988057\" alt=\"\" srcset=\"https:\/\/lafrenchtechitaly.com\/wp-content\/uploads\/2025\/12\/French_Tech_Italy_Patrizia.jpg 586w, https:\/\/lafrenchtechitaly.com\/wp-content\/uploads\/2025\/12\/French_Tech_Italy_Patrizia-265x300.jpg 265w\" sizes=\"(max-width: 586px) 100vw, 586px\" \/><\/div>\n\t\t<\/a>\n\t\t\t\t<div class=\"elementor-post__text\">\n\t\t\t\t<h3 class=\"elementor-post__title\">\n\t\t\t<a href=\"https:\/\/lafrenchtechitaly.com\/it\/board\/patrizia-galbiati\/\" >\n\t\t\t\tPatrizia Galbiati\t\t\t<\/a>\n\t\t<\/h3>\n\t\t\t\t<div class=\"elementor-post__excerpt\">\n\t\t\t<p>Membre French Tech Italy,<\/br>Head of Tech Business France Italia <\/p>\n\t\t<\/div>\n\t\t\n\t\t<a class=\"elementor-post__read-more\" href=\"https:\/\/lafrenchtechitaly.com\/it\/board\/patrizia-galbiati\/\" aria-label=\"Leggi tutto Patrizia Galbiati\" tabindex=\"-1\" >\n\t\t\tLink bio &gt;\t\t<\/a>\n\n\t\t\t\t<\/div>\n\t\t\t\t<\/article>\n\t\t\t\t<article class=\"elementor-post elementor-grid-item post-2580 page type-page status-publish has-post-thumbnail hentry\" role=\"listitem\">\n\t\t\t\t<a class=\"elementor-post__thumbnail__link\" href=\"https:\/\/lafrenchtechitaly.com\/it\/board\/clara-sauzet\/\" tabindex=\"-1\" >\n\t\t\t<div class=\"elementor-post__thumbnail\"><img loading=\"lazy\" decoding=\"async\" width=\"586\" height=\"664\" src=\"https:\/\/lafrenchtechitaly.com\/wp-content\/uploads\/2025\/12\/French_Tech_Italy_Clara_1.jpg\" class=\"attachment-large size-large wp-image-988838\" alt=\"\" srcset=\"https:\/\/lafrenchtechitaly.com\/wp-content\/uploads\/2025\/12\/French_Tech_Italy_Clara_1.jpg 586w, https:\/\/lafrenchtechitaly.com\/wp-content\/uploads\/2025\/12\/French_Tech_Italy_Clara_1-265x300.jpg 265w, https:\/\/lafrenchtechitaly.com\/wp-content\/uploads\/2025\/12\/French_Tech_Italy_Clara_1-11x12.jpg 11w\" sizes=\"(max-width: 586px) 100vw, 586px\" \/><\/div>\n\t\t<\/a>\n\t\t\t\t<div class=\"elementor-post__text\">\n\t\t\t\t<h3 class=\"elementor-post__title\">\n\t\t\t<a href=\"https:\/\/lafrenchtechitaly.com\/it\/board\/clara-sauzet\/\" >\n\t\t\t\tClara Sauzet\t\t\t<\/a>\n\t\t<\/h3>\n\t\t\t\t<div class=\"elementor-post__excerpt\">\n\t\t\t<p>Membre French Tech Italy,<\/br>Relations Externes Veepee Italy <\/p>\n\t\t<\/div>\n\t\t\n\t\t<a class=\"elementor-post__read-more\" href=\"https:\/\/lafrenchtechitaly.com\/it\/board\/clara-sauzet\/\" aria-label=\"Leggi tutto Clara Sauzet\" tabindex=\"-1\" >\n\t\t\tLink bio &gt;\t\t<\/a>\n\n\t\t\t\t<\/div>\n\t\t\t\t<\/article>\n\t\t\t\t<article class=\"elementor-post elementor-grid-item post-2579 page type-page status-publish has-post-thumbnail hentry\" role=\"listitem\">\n\t\t\t\t<a class=\"elementor-post__thumbnail__link\" href=\"https:\/\/lafrenchtechitaly.com\/it\/board\/capucine-louis\/\" tabindex=\"-1\" >\n\t\t\t<div class=\"elementor-post__thumbnail\"><img loading=\"lazy\" decoding=\"async\" width=\"586\" height=\"664\" src=\"https:\/\/lafrenchtechitaly.com\/wp-content\/uploads\/2025\/12\/French_Tech_Italy_Capucine.jpg\" class=\"attachment-large size-large wp-image-988058\" alt=\"\" srcset=\"https:\/\/lafrenchtechitaly.com\/wp-content\/uploads\/2025\/12\/French_Tech_Italy_Capucine.jpg 586w, https:\/\/lafrenchtechitaly.com\/wp-content\/uploads\/2025\/12\/French_Tech_Italy_Capucine-265x300.jpg 265w\" sizes=\"(max-width: 586px) 100vw, 586px\" \/><\/div>\n\t\t<\/a>\n\t\t\t\t<div class=\"elementor-post__text\">\n\t\t\t\t<h3 class=\"elementor-post__title\">\n\t\t\t<a href=\"https:\/\/lafrenchtechitaly.com\/it\/board\/capucine-louis\/\" >\n\t\t\t\tCapucine Louis\t\t\t<\/a>\n\t\t<\/h3>\n\t\t\t\t<div class=\"elementor-post__excerpt\">\n\t\t\t<p>Membre French Tech Italy,<\/br>Ambassade de France en Italie<\/p>\n\t\t<\/div>\n\t\t\n\t\t<a class=\"elementor-post__read-more\" href=\"https:\/\/lafrenchtechitaly.com\/it\/board\/capucine-louis\/\" aria-label=\"Leggi tutto Capucine Louis\" tabindex=\"-1\" >\n\t\t\tLink bio &gt;\t\t<\/a>\n\n\t\t\t\t<\/div>\n\t\t\t\t<\/article>\n\t\t\t\t<article class=\"elementor-post elementor-grid-item post-988717 page type-page status-publish has-post-thumbnail hentry\" role=\"listitem\">\n\t\t\t\t<a class=\"elementor-post__thumbnail__link\" href=\"https:\/\/lafrenchtechitaly.com\/it\/board\/ivan-barcellona\/\" tabindex=\"-1\" >\n\t\t\t<div class=\"elementor-post__thumbnail\"><img loading=\"lazy\" decoding=\"async\" width=\"586\" height=\"664\" src=\"https:\/\/lafrenchtechitaly.com\/wp-content\/uploads\/2025\/12\/French_Tech_Italy_Ivan_Barcellona.jpg\" class=\"attachment-large size-large wp-image-988723\" alt=\"\" srcset=\"https:\/\/lafrenchtechitaly.com\/wp-content\/uploads\/2025\/12\/French_Tech_Italy_Ivan_Barcellona.jpg 586w, https:\/\/lafrenchtechitaly.com\/wp-content\/uploads\/2025\/12\/French_Tech_Italy_Ivan_Barcellona-265x300.jpg 265w, https:\/\/lafrenchtechitaly.com\/wp-content\/uploads\/2025\/12\/French_Tech_Italy_Ivan_Barcellona-11x12.jpg 11w\" sizes=\"(max-width: 586px) 100vw, 586px\" \/><\/div>\n\t\t<\/a>\n\t\t\t\t<div class=\"elementor-post__text\">\n\t\t\t\t<h3 class=\"elementor-post__title\">\n\t\t\t<a href=\"https:\/\/lafrenchtechitaly.com\/it\/board\/ivan-barcellona\/\" >\n\t\t\t\tIvan Barcellona\t\t\t<\/a>\n\t\t<\/h3>\n\t\t\t\t<div class=\"elementor-post__excerpt\">\n\t\t\t<p>Membre French Tech Italy,<\/br>DG Le Village by CA Milan<\/p>\n\t\t<\/div>\n\t\t\n\t\t<a class=\"elementor-post__read-more\" href=\"https:\/\/lafrenchtechitaly.com\/it\/board\/ivan-barcellona\/\" aria-label=\"Leggi tutto Ivan Barcellona\" tabindex=\"-1\" >\n\t\t\tLink bio &gt;\t\t<\/a>\n\n\t\t\t\t<\/div>\n\t\t\t\t<\/article>\n\t\t\t\t<article class=\"elementor-post elementor-grid-item post-988734 page type-page status-publish has-post-thumbnail hentry\" role=\"listitem\">\n\t\t\t\t<a class=\"elementor-post__thumbnail__link\" href=\"https:\/\/lafrenchtechitaly.com\/it\/board\/isabelle-andrieu\/\" tabindex=\"-1\" >\n\t\t\t<div class=\"elementor-post__thumbnail\"><img loading=\"lazy\" decoding=\"async\" width=\"586\" height=\"664\" src=\"https:\/\/lafrenchtechitaly.com\/wp-content\/uploads\/2025\/12\/French_Tech_Italy_Isabelle.jpg\" class=\"attachment-large size-large wp-image-988737\" alt=\"\" srcset=\"https:\/\/lafrenchtechitaly.com\/wp-content\/uploads\/2025\/12\/French_Tech_Italy_Isabelle.jpg 586w, https:\/\/lafrenchtechitaly.com\/wp-content\/uploads\/2025\/12\/French_Tech_Italy_Isabelle-265x300.jpg 265w, https:\/\/lafrenchtechitaly.com\/wp-content\/uploads\/2025\/12\/French_Tech_Italy_Isabelle-11x12.jpg 11w\" sizes=\"(max-width: 586px) 100vw, 586px\" \/><\/div>\n\t\t<\/a>\n\t\t\t\t<div class=\"elementor-post__text\">\n\t\t\t\t<h3 class=\"elementor-post__title\">\n\t\t\t<a href=\"https:\/\/lafrenchtechitaly.com\/it\/board\/isabelle-andrieu\/\" >\n\t\t\t\tIsabelle Andrieu\t\t\t<\/a>\n\t\t<\/h3>\n\t\t\t\t<div class=\"elementor-post__excerpt\">\n\t\t\t<p>Membre French Tech Italy <\/br>Co-fondatrice Translated<\/p>\n\t\t<\/div>\n\t\t\n\t\t<a class=\"elementor-post__read-more\" href=\"https:\/\/lafrenchtechitaly.com\/it\/board\/isabelle-andrieu\/\" aria-label=\"Leggi tutto Isabelle Andrieu\" tabindex=\"-1\" >\n\t\t\tLink bio &gt;\t\t<\/a>\n\n\t\t\t\t<\/div>\n\t\t\t\t<\/article>\n\t\t\t\t<article class=\"elementor-post elementor-grid-item post-988750 page type-page status-publish has-post-thumbnail hentry\" role=\"listitem\">\n\t\t\t\t<a class=\"elementor-post__thumbnail__link\" href=\"https:\/\/lafrenchtechitaly.com\/it\/board\/francesco-dacri\/\" tabindex=\"-1\" >\n\t\t\t<div class=\"elementor-post__thumbnail\"><img loading=\"lazy\" decoding=\"async\" width=\"586\" height=\"664\" src=\"https:\/\/lafrenchtechitaly.com\/wp-content\/uploads\/2025\/12\/French_Tech_Italy_Francesco.jpg\" class=\"attachment-large size-large wp-image-988758\" alt=\"\" srcset=\"https:\/\/lafrenchtechitaly.com\/wp-content\/uploads\/2025\/12\/French_Tech_Italy_Francesco.jpg 586w, https:\/\/lafrenchtechitaly.com\/wp-content\/uploads\/2025\/12\/French_Tech_Italy_Francesco-265x300.jpg 265w, https:\/\/lafrenchtechitaly.com\/wp-content\/uploads\/2025\/12\/French_Tech_Italy_Francesco-11x12.jpg 11w\" sizes=\"(max-width: 586px) 100vw, 586px\" \/><\/div>\n\t\t<\/a>\n\t\t\t\t<div class=\"elementor-post__text\">\n\t\t\t\t<h3 class=\"elementor-post__title\">\n\t\t\t<a href=\"https:\/\/lafrenchtechitaly.com\/it\/board\/francesco-dacri\/\" >\n\t\t\t\tFrancesco D&rsquo;Acri\t\t\t<\/a>\n\t\t<\/h3>\n\t\t\t\t<div class=\"elementor-post__excerpt\">\n\t\t\t<p>Membre French Tech Italy <\/br>GM Italy Prestashop<\/p>\n\t\t<\/div>\n\t\t\n\t\t<a class=\"elementor-post__read-more\" href=\"https:\/\/lafrenchtechitaly.com\/it\/board\/francesco-dacri\/\" aria-label=\"Leggi tutto Francesco D&rsquo;Acri\" tabindex=\"-1\" >\n\t\t\tLink bio &gt;\t\t<\/a>\n\n\t\t\t\t<\/div>\n\t\t\t\t<\/article>\n\t\t\t\t<article class=\"elementor-post elementor-grid-item post-988765 page type-page status-publish has-post-thumbnail hentry\" role=\"listitem\">\n\t\t\t\t<a class=\"elementor-post__thumbnail__link\" href=\"https:\/\/lafrenchtechitaly.com\/it\/board\/marco-pisano\/\" tabindex=\"-1\" >\n\t\t\t<div class=\"elementor-post__thumbnail\"><img loading=\"lazy\" decoding=\"async\" width=\"586\" height=\"664\" src=\"https:\/\/lafrenchtechitaly.com\/wp-content\/uploads\/2025\/12\/French_Tech_Italy_Marco.jpg\" class=\"attachment-large size-large wp-image-988768\" alt=\"\" srcset=\"https:\/\/lafrenchtechitaly.com\/wp-content\/uploads\/2025\/12\/French_Tech_Italy_Marco.jpg 586w, https:\/\/lafrenchtechitaly.com\/wp-content\/uploads\/2025\/12\/French_Tech_Italy_Marco-265x300.jpg 265w, https:\/\/lafrenchtechitaly.com\/wp-content\/uploads\/2025\/12\/French_Tech_Italy_Marco-11x12.jpg 11w\" sizes=\"(max-width: 586px) 100vw, 586px\" \/><\/div>\n\t\t<\/a>\n\t\t\t\t<div class=\"elementor-post__text\">\n\t\t\t\t<h3 class=\"elementor-post__title\">\n\t\t\t<a href=\"https:\/\/lafrenchtechitaly.com\/it\/board\/marco-pisano\/\" >\n\t\t\t\tMarco Pisano\t\t\t<\/a>\n\t\t<\/h3>\n\t\t\t\t<div class=\"elementor-post__excerpt\">\n\t\t\t<p>Membre French Tech Italy <\/br>DAP Europe du Sud &#8211; Dassault Syst\u00e8mes<\/p>\n\t\t<\/div>\n\t\t\n\t\t<a class=\"elementor-post__read-more\" href=\"https:\/\/lafrenchtechitaly.com\/it\/board\/marco-pisano\/\" aria-label=\"Leggi tutto Marco Pisano\" tabindex=\"-1\" >\n\t\t\tLink bio &gt;\t\t<\/a>\n\n\t\t\t\t<\/div>\n\t\t\t\t<\/article>\n\t\t\t\t<article class=\"elementor-post elementor-grid-item post-988787 page type-page status-publish has-post-thumbnail hentry\" role=\"listitem\">\n\t\t\t\t<a class=\"elementor-post__thumbnail__link\" href=\"https:\/\/lafrenchtechitaly.com\/it\/board\/roberto-liscia\/\" tabindex=\"-1\" >\n\t\t\t<div class=\"elementor-post__thumbnail\"><img loading=\"lazy\" decoding=\"async\" width=\"586\" height=\"664\" src=\"https:\/\/lafrenchtechitaly.com\/wp-content\/uploads\/2025\/12\/French_Tech_Italy_Roberto.jpg\" class=\"attachment-large size-large wp-image-988788\" alt=\"\" srcset=\"https:\/\/lafrenchtechitaly.com\/wp-content\/uploads\/2025\/12\/French_Tech_Italy_Roberto.jpg 586w, https:\/\/lafrenchtechitaly.com\/wp-content\/uploads\/2025\/12\/French_Tech_Italy_Roberto-265x300.jpg 265w, https:\/\/lafrenchtechitaly.com\/wp-content\/uploads\/2025\/12\/French_Tech_Italy_Roberto-11x12.jpg 11w\" sizes=\"(max-width: 586px) 100vw, 586px\" \/><\/div>\n\t\t<\/a>\n\t\t\t\t<div class=\"elementor-post__text\">\n\t\t\t\t<h3 class=\"elementor-post__title\">\n\t\t\t<a href=\"https:\/\/lafrenchtechitaly.com\/it\/board\/roberto-liscia\/\" >\n\t\t\t\tRoberto Liscia\t\t\t<\/a>\n\t\t<\/h3>\n\t\t\t\t<div class=\"elementor-post__excerpt\">\n\t\t\t<p>Membre French Tech Italy,<\/br>Pr\u00e9sident Consorzio Netcomm<\/p>\n\t\t<\/div>\n\t\t\n\t\t<a class=\"elementor-post__read-more\" href=\"https:\/\/lafrenchtechitaly.com\/it\/board\/roberto-liscia\/\" aria-label=\"Leggi tutto Roberto Liscia\" tabindex=\"-1\" >\n\t\t\tLink bio &gt;\t\t<\/a>\n\n\t\t\t\t<\/div>\n\t\t\t\t<\/article>\n\t\t\t\t<article class=\"elementor-post elementor-grid-item post-988799 page type-page status-publish has-post-thumbnail hentry\" role=\"listitem\">\n\t\t\t\t<a class=\"elementor-post__thumbnail__link\" href=\"https:\/\/lafrenchtechitaly.com\/it\/board\/cecile-bourland\/\" tabindex=\"-1\" >\n\t\t\t<div class=\"elementor-post__thumbnail\"><img loading=\"lazy\" decoding=\"async\" width=\"586\" height=\"664\" src=\"https:\/\/lafrenchtechitaly.com\/wp-content\/uploads\/2025\/12\/French_Tech_Italy_Cecile.jpg\" class=\"attachment-large size-large wp-image-988805\" alt=\"\" srcset=\"https:\/\/lafrenchtechitaly.com\/wp-content\/uploads\/2025\/12\/French_Tech_Italy_Cecile.jpg 586w, https:\/\/lafrenchtechitaly.com\/wp-content\/uploads\/2025\/12\/French_Tech_Italy_Cecile-265x300.jpg 265w, https:\/\/lafrenchtechitaly.com\/wp-content\/uploads\/2025\/12\/French_Tech_Italy_Cecile-11x12.jpg 11w\" sizes=\"(max-width: 586px) 100vw, 586px\" \/><\/div>\n\t\t<\/a>\n\t\t\t\t<div class=\"elementor-post__text\">\n\t\t\t\t<h3 class=\"elementor-post__title\">\n\t\t\t<a href=\"https:\/\/lafrenchtechitaly.com\/it\/board\/cecile-bourland\/\" >\n\t\t\t\tC\u00e9cile Bourland\t\t\t<\/a>\n\t\t<\/h3>\n\t\t\t\t<div class=\"elementor-post__excerpt\">\n\t\t\t<p>Membre French Tech Italy,<\/br>DG CCI France-Italie<\/p>\n\t\t<\/div>\n\t\t\n\t\t<a class=\"elementor-post__read-more\" href=\"https:\/\/lafrenchtechitaly.com\/it\/board\/cecile-bourland\/\" aria-label=\"Leggi tutto C\u00e9cile Bourland\" tabindex=\"-1\" >\n\t\t\tLink bio &gt;\t\t<\/a>\n\n\t\t\t\t<\/div>\n\t\t\t\t<\/article>\n\t\t\t\t<\/div>\n\t\t\n\t\t\t\t\t\t<\/div>\n\t\t\t\t<\/div>\n\t\t\t\t\t<\/div>\n\t\t<\/div>\n\t\t\t\t\t<\/div>\n\t\t<\/section>\n\t\t\t\t<\/div>\n\t\t","protected":false},"excerpt":{"rendered":"<p>Costruire ponti per una Tech sostenibile e inclusiva.<\/p>","protected":false},"author":1,"featured_media":0,"parent":0,"menu_order":0,"comment_status":"closed","ping_status":"closed","template":"","meta":{"footnotes":""},"class_list":["post-899","page","type-page","status-publish","hentry"],"yoast_head":"<!-- This site is optimized with the Yoast SEO plugin v27.4 - https:\/\/yoast.com\/product\/yoast-seo-wordpress\/ -->\n<title>Board \u2013 Leaders du tech franco italien | La French Tech Italy<\/title>\n<meta name=\"description\" content=\"D\u00e9couvrez le board de La French Tech Italy, compos\u00e9 de leaders engag\u00e9s du tech franco italien qui stimulent l\u2019innovation, les synergies et les collaborations internationales.\" \/>\n<meta name=\"robots\" content=\"index, follow, max-snippet:-1, max-image-preview:large, max-video-preview:-1\" \/>\n<link rel=\"canonical\" href=\"https:\/\/lafrenchtechitaly.com\/it\/il-nostro-board\/\" \/>\n<meta property=\"og:locale\" content=\"it_IT\" \/>\n<meta property=\"og:type\" content=\"article\" \/>\n<meta property=\"og:title\" content=\"Board \u2013 Leaders du tech franco italien | La French Tech Italy\" \/>\n<meta property=\"og:description\" content=\"D\u00e9couvrez le board de La French Tech Italy, compos\u00e9 de leaders engag\u00e9s du tech franco italien qui stimulent l\u2019innovation, les synergies et les collaborations internationales.\" \/>\n<meta property=\"og:url\" content=\"https:\/\/lafrenchtechitaly.com\/it\/il-nostro-board\/\" \/>\n<meta property=\"og:site_name\" content=\"La French Tech Italy\" \/>\n<meta property=\"article:modified_time\" content=\"2026-01-23T09:53:06+00:00\" \/>\n<meta property=\"og:image\" content=\"https:\/\/lafrenchtechitaly.com\/wp-content\/uploads\/2025\/12\/La_French_Tech_Italy_Slider.jpg\" \/>\n\t<meta property=\"og:image:width\" content=\"2560\" \/>\n\t<meta property=\"og:image:height\" content=\"1333\" \/>\n\t<meta property=\"og:image:type\" content=\"image\/jpeg\" \/>\n<meta name=\"twitter:card\" content=\"summary_large_image\" \/>\n<meta name=\"twitter:label1\" content=\"Tempo di lettura stimato\" \/>\n\t<meta name=\"twitter:data1\" content=\"3 minuti\" \/>\n<script type=\"application\/ld+json\" class=\"yoast-schema-graph\">{\"@context\":\"https:\\\/\\\/schema.org\",\"@graph\":[{\"@type\":\"WebPage\",\"@id\":\"https:\\\/\\\/lafrenchtechitaly.com\\\/board\\\/\",\"url\":\"https:\\\/\\\/lafrenchtechitaly.com\\\/board\\\/\",\"name\":\"Board \u2013 Leaders du tech franco italien | La French Tech Italy\",\"isPartOf\":{\"@id\":\"https:\\\/\\\/lafrenchtechitaly.com\\\/#website\"},\"primaryImageOfPage\":{\"@id\":\"https:\\\/\\\/lafrenchtechitaly.com\\\/board\\\/#primaryimage\"},\"image\":{\"@id\":\"https:\\\/\\\/lafrenchtechitaly.com\\\/board\\\/#primaryimage\"},\"thumbnailUrl\":\"https:\\\/\\\/lafrenchtechitaly.com\\\/wp-content\\\/uploads\\\/2025\\\/12\\\/LOGO_FT_1.png\",\"datePublished\":\"2023-06-26T09:32:57+00:00\",\"dateModified\":\"2026-01-23T09:53:06+00:00\",\"description\":\"D\u00e9couvrez le board de La French Tech Italy, compos\u00e9 de leaders engag\u00e9s du tech franco italien qui stimulent l\u2019innovation, les synergies et les collaborations internationales.\",\"breadcrumb\":{\"@id\":\"https:\\\/\\\/lafrenchtechitaly.com\\\/board\\\/#breadcrumb\"},\"inLanguage\":\"it-IT\",\"potentialAction\":[{\"@type\":\"ReadAction\",\"target\":[\"https:\\\/\\\/lafrenchtechitaly.com\\\/board\\\/\"]}]},{\"@type\":\"ImageObject\",\"inLanguage\":\"it-IT\",\"@id\":\"https:\\\/\\\/lafrenchtechitaly.com\\\/board\\\/#primaryimage\",\"url\":\"https:\\\/\\\/lafrenchtechitaly.com\\\/wp-content\\\/uploads\\\/2025\\\/12\\\/LOGO_FT_1.png\",\"contentUrl\":\"https:\\\/\\\/lafrenchtechitaly.com\\\/wp-content\\\/uploads\\\/2025\\\/12\\\/LOGO_FT_1.png\"},{\"@type\":\"BreadcrumbList\",\"@id\":\"https:\\\/\\\/lafrenchtechitaly.com\\\/board\\\/#breadcrumb\",\"itemListElement\":[{\"@type\":\"ListItem\",\"position\":1,\"name\":\"Accueil\",\"item\":\"https:\\\/\\\/lafrenchtechitaly.com\\\/\"},{\"@type\":\"ListItem\",\"position\":2,\"name\":\"Board\"}]},{\"@type\":\"WebSite\",\"@id\":\"https:\\\/\\\/lafrenchtechitaly.com\\\/#website\",\"url\":\"https:\\\/\\\/lafrenchtechitaly.com\\\/\",\"name\":\"La French Tech Italy\",\"description\":\"Le r\u00e9seau tech qui unit France et Italie\",\"publisher\":{\"@id\":\"https:\\\/\\\/lafrenchtechitaly.com\\\/#organization\"},\"potentialAction\":[{\"@type\":\"SearchAction\",\"target\":{\"@type\":\"EntryPoint\",\"urlTemplate\":\"https:\\\/\\\/lafrenchtechitaly.com\\\/?s={search_term_string}\"},\"query-input\":{\"@type\":\"PropertyValueSpecification\",\"valueRequired\":true,\"valueName\":\"search_term_string\"}}],\"inLanguage\":\"it-IT\"},{\"@type\":\"Organization\",\"@id\":\"https:\\\/\\\/lafrenchtechitaly.com\\\/#organization\",\"name\":\"La French Tech Italy\",\"url\":\"https:\\\/\\\/lafrenchtechitaly.com\\\/\",\"logo\":{\"@type\":\"ImageObject\",\"inLanguage\":\"it-IT\",\"@id\":\"https:\\\/\\\/lafrenchtechitaly.com\\\/#\\\/schema\\\/logo\\\/image\\\/\",\"url\":\"https:\\\/\\\/lafrenchtechitaly.com\\\/wp-content\\\/uploads\\\/2025\\\/12\\\/LOGO_FT_1.png\",\"contentUrl\":\"https:\\\/\\\/lafrenchtechitaly.com\\\/wp-content\\\/uploads\\\/2025\\\/12\\\/LOGO_FT_1.png\",\"width\":351,\"height\":121,\"caption\":\"La French Tech Italy\"},\"image\":{\"@id\":\"https:\\\/\\\/lafrenchtechitaly.com\\\/#\\\/schema\\\/logo\\\/image\\\/\"},\"sameAs\":[\"https:\\\/\\\/www.linkedin.com\\\/company\\\/la-french-tech-italy\\\/\"]}]}<\/script>\n<!-- \/ Yoast SEO plugin. -->","yoast_head_json":{"title":"Consiglio - Leader tecnologici francesi e italiani | La French Tech Italia","description":"Scoprite il consiglio di amministrazione de La French Tech Italia, composto da leader tecnologici franco-italiani impegnati a stimolare l'innovazione, le sinergie e la collaborazione internazionale.","robots":{"index":"index","follow":"follow","max-snippet":"max-snippet:-1","max-image-preview":"max-image-preview:large","max-video-preview":"max-video-preview:-1"},"canonical":"https:\/\/lafrenchtechitaly.com\/it\/il-nostro-board\/","og_locale":"it_IT","og_type":"article","og_title":"Board \u2013 Leaders du tech franco italien | La French Tech Italy","og_description":"D\u00e9couvrez le board de La French Tech Italy, compos\u00e9 de leaders engag\u00e9s du tech franco italien qui stimulent l\u2019innovation, les synergies et les collaborations internationales.","og_url":"https:\/\/lafrenchtechitaly.com\/it\/il-nostro-board\/","og_site_name":"La French Tech Italy","article_modified_time":"2026-01-23T09:53:06+00:00","og_image":[{"width":2560,"height":1333,"url":"https:\/\/lafrenchtechitaly.com\/wp-content\/uploads\/2025\/12\/La_French_Tech_Italy_Slider.jpg","type":"image\/jpeg"}],"twitter_card":"summary_large_image","twitter_misc":{"Tempo di lettura stimato":"3 minuti"},"schema":{"@context":"https:\/\/schema.org","@graph":[{"@type":"WebPage","@id":"https:\/\/lafrenchtechitaly.com\/board\/","url":"https:\/\/lafrenchtechitaly.com\/board\/","name":"Consiglio - Leader tecnologici francesi e italiani | La French Tech Italia","isPartOf":{"@id":"https:\/\/lafrenchtechitaly.com\/#website"},"primaryImageOfPage":{"@id":"https:\/\/lafrenchtechitaly.com\/board\/#primaryimage"},"image":{"@id":"https:\/\/lafrenchtechitaly.com\/board\/#primaryimage"},"thumbnailUrl":"https:\/\/lafrenchtechitaly.com\/wp-content\/uploads\/2025\/12\/LOGO_FT_1.png","datePublished":"2023-06-26T09:32:57+00:00","dateModified":"2026-01-23T09:53:06+00:00","description":"Scoprite il consiglio di amministrazione de La French Tech Italia, composto da leader tecnologici franco-italiani impegnati a stimolare l'innovazione, le sinergie e la collaborazione internazionale.","breadcrumb":{"@id":"https:\/\/lafrenchtechitaly.com\/board\/#breadcrumb"},"inLanguage":"it-IT","potentialAction":[{"@type":"ReadAction","target":["https:\/\/lafrenchtechitaly.com\/board\/"]}]},{"@type":"ImageObject","inLanguage":"it-IT","@id":"https:\/\/lafrenchtechitaly.com\/board\/#primaryimage","url":"https:\/\/lafrenchtechitaly.com\/wp-content\/uploads\/2025\/12\/LOGO_FT_1.png","contentUrl":"https:\/\/lafrenchtechitaly.com\/wp-content\/uploads\/2025\/12\/LOGO_FT_1.png"},{"@type":"BreadcrumbList","@id":"https:\/\/lafrenchtechitaly.com\/board\/#breadcrumb","itemListElement":[{"@type":"ListItem","position":1,"name":"Accueil","item":"https:\/\/lafrenchtechitaly.com\/"},{"@type":"ListItem","position":2,"name":"Board"}]},{"@type":"WebSite","@id":"https:\/\/lafrenchtechitaly.com\/#website","url":"https:\/\/lafrenchtechitaly.com\/","name":"La French Tech Italy","description":"La rete tecnologica che unisce Francia e Italia","publisher":{"@id":"https:\/\/lafrenchtechitaly.com\/#organization"},"potentialAction":[{"@type":"SearchAction","target":{"@type":"EntryPoint","urlTemplate":"https:\/\/lafrenchtechitaly.com\/?s={search_term_string}"},"query-input":{"@type":"PropertyValueSpecification","valueRequired":true,"valueName":"search_term_string"}}],"inLanguage":"it-IT"},{"@type":"Organization","@id":"https:\/\/lafrenchtechitaly.com\/#organization","name":"La French Tech Italy","url":"https:\/\/lafrenchtechitaly.com\/","logo":{"@type":"ImageObject","inLanguage":"it-IT","@id":"https:\/\/lafrenchtechitaly.com\/#\/schema\/logo\/image\/","url":"https:\/\/lafrenchtechitaly.com\/wp-content\/uploads\/2025\/12\/LOGO_FT_1.png","contentUrl":"https:\/\/lafrenchtechitaly.com\/wp-content\/uploads\/2025\/12\/LOGO_FT_1.png","width":351,"height":121,"caption":"La French Tech Italy"},"image":{"@id":"https:\/\/lafrenchtechitaly.com\/#\/schema\/logo\/image\/"},"sameAs":["https:\/\/www.linkedin.com\/company\/la-french-tech-italy\/"]}]}},"_links":{"self":[{"href":"https:\/\/lafrenchtechitaly.com\/it\/wp-json\/wp\/v2\/pages\/899","targetHints":{"allow":["GET"]}}],"collection":[{"href":"https:\/\/lafrenchtechitaly.com\/it\/wp-json\/wp\/v2\/pages"}],"about":[{"href":"https:\/\/lafrenchtechitaly.com\/it\/wp-json\/wp\/v2\/types\/page"}],"author":[{"embeddable":true,"href":"https:\/\/lafrenchtechitaly.com\/it\/wp-json\/wp\/v2\/users\/1"}],"replies":[{"embeddable":true,"href":"https:\/\/lafrenchtechitaly.com\/it\/wp-json\/wp\/v2\/comments?post=899"}],"version-history":[{"count":72,"href":"https:\/\/lafrenchtechitaly.com\/it\/wp-json\/wp\/v2\/pages\/899\/revisions"}],"predecessor-version":[{"id":988825,"href":"https:\/\/lafrenchtechitaly.com\/it\/wp-json\/wp\/v2\/pages\/899\/revisions\/988825"}],"wp:attachment":[{"href":"https:\/\/lafrenchtechitaly.com\/it\/wp-json\/wp\/v2\/media?parent=899"}],"curies":[{"name":"wp","href":"https:\/\/api.w.org\/{rel}","templated":true}]}}