{"id":988799,"date":"2025-10-13T11:24:23","date_gmt":"2025-10-13T09:24:23","guid":{"rendered":"https:\/\/lafrenchtechitaly.com\/?page_id=988799"},"modified":"2026-01-23T11:16:39","modified_gmt":"2026-01-23T10:16:39","slug":"cecile-bourland","status":"publish","type":"page","link":"https:\/\/lafrenchtechitaly.com\/it\/board\/cecile-bourland\/","title":{"rendered":"C\u00e9cile Bourland"},"content":{"rendered":"<div data-elementor-type=\"wp-page\" data-elementor-id=\"988799\" class=\"elementor elementor-988799\" data-elementor-post-type=\"page\">\n\t\t\t\t\t\t<section class=\"elementor-section elementor-top-section elementor-element elementor-element-3b44afe9 elementor-reverse-mobile elementor-reverse-tablet elementor-section-boxed elementor-section-height-default elementor-section-height-default\" data-id=\"3b44afe9\" data-element_type=\"section\" data-e-type=\"section\">\n\t\t\t\t\t\t<div class=\"elementor-container elementor-column-gap-no\">\n\t\t\t\t\t<div class=\"elementor-column elementor-col-50 elementor-top-column elementor-element elementor-element-71fdd84c\" data-id=\"71fdd84c\" data-element_type=\"column\" data-e-type=\"column\">\n\t\t\t<div class=\"elementor-widget-wrap elementor-element-populated\">\n\t\t\t\t\t\t<div class=\"elementor-element elementor-element-39dd34a9 elementor-align-start elementor-icon-list--layout-traditional elementor-list-item-link-full_width elementor-widget elementor-widget-icon-list\" data-id=\"39dd34a9\" data-element_type=\"widget\" data-e-type=\"widget\" data-widget_type=\"icon-list.default\">\n\t\t\t\t<div class=\"elementor-widget-container\">\n\t\t\t\t\t\t\t<ul class=\"elementor-icon-list-items\">\n\t\t\t\t\t\t\t<li class=\"elementor-icon-list-item\">\n\t\t\t\t\t\t\t\t\t\t\t<span class=\"elementor-icon-list-icon\">\n\t\t\t\t\t\t\t<i aria-hidden=\"true\" class=\"vamtamtheme- vamtam-theme-brand-symbol\"><\/i>\t\t\t\t\t\t<\/span>\n\t\t\t\t\t\t\t\t\t\t<span class=\"elementor-icon-list-text\">Competenze<\/span>\n\t\t\t\t\t\t\t\t\t<\/li>\n\t\t\t\t\t\t<\/ul>\n\t\t\t\t\t\t<\/div>\n\t\t\t\t<\/div>\n\t\t\t\t<div class=\"elementor-element elementor-element-799813e elementor-position-inline-end elementor-mobile-position-inline-end elementor-view-default elementor-widget elementor-widget-icon-box\" data-id=\"799813e\" data-element_type=\"widget\" data-e-type=\"widget\" data-widget_type=\"icon-box.default\">\n\t\t\t\t<div class=\"elementor-widget-container\">\n\t\t\t\t\t\t\t<div class=\"elementor-icon-box-wrapper\">\n\n\t\t\t\t\t\t<div class=\"elementor-icon-box-icon\">\n\t\t\t\t<span  class=\"elementor-icon\">\n\t\t\t\t<i aria-hidden=\"true\" class=\"vamtamtheme- vamtam-theme-arrow-right-list\"><\/i>\t\t\t\t<\/span>\n\t\t\t<\/div>\n\t\t\t\n\t\t\t\t\t\t<div class=\"elementor-icon-box-content\">\n\n\t\t\t\t\t\t\t\t\t<div class=\"elementor-icon-box-title\">\n\t\t\t\t\t\t<span  >\n\t\t\t\t\t\t\t1. Sviluppo internazionale e strategie di mercato\t\t\t\t\t\t<\/span>\n\t\t\t\t\t<\/div>\n\t\t\t\t\n\t\t\t\t\t\t\t\t\t<p class=\"elementor-icon-box-description\">\n\t\t\t\t\t\tSupporto alle imprese che si insediano in Italia o in Francia, analisi di mercato, strutturazione commerciale, gestione di progetti transfrontalieri e sviluppo di partnership strategiche.\t\t\t\t\t<\/p>\n\t\t\t\t\n\t\t\t<\/div>\n\t\t\t\n\t\t<\/div>\n\t\t\t\t\t\t<\/div>\n\t\t\t\t<\/div>\n\t\t\t\t<div class=\"elementor-element elementor-element-164de1e elementor-position-inline-end elementor-mobile-position-inline-end elementor-view-default elementor-widget elementor-widget-icon-box\" data-id=\"164de1e\" data-element_type=\"widget\" data-e-type=\"widget\" data-widget_type=\"icon-box.default\">\n\t\t\t\t<div class=\"elementor-widget-container\">\n\t\t\t\t\t\t\t<div class=\"elementor-icon-box-wrapper\">\n\n\t\t\t\t\t\t<div class=\"elementor-icon-box-icon\">\n\t\t\t\t<span  class=\"elementor-icon\">\n\t\t\t\t<i aria-hidden=\"true\" class=\"vamtamtheme- vamtam-theme-arrow-right-list\"><\/i>\t\t\t\t<\/span>\n\t\t\t<\/div>\n\t\t\t\n\t\t\t\t\t\t<div class=\"elementor-icon-box-content\">\n\n\t\t\t\t\t\t\t\t\t<div class=\"elementor-icon-box-title\">\n\t\t\t\t\t\t<span  >\n\t\t\t\t\t\t\tMarketing strategico e gestione globale dei prodotti\t\t\t\t\t\t<\/span>\n\t\t\t\t\t<\/div>\n\t\t\t\t\n\t\t\t\t\t\t\t\t\t<p class=\"elementor-icon-box-description\">\n\t\t\t\t\t\tEsperienza comprovata nella gestione del marketing all'interno di gruppi internazionali: gestione di portafogli di prodotti, direzione di R&amp;S, strategia di marca, determinazione dei prezzi e lancio di nuove offerte su diversi mercati europei.\t\t\t\t\t<\/p>\n\t\t\t\t\n\t\t\t<\/div>\n\t\t\t\n\t\t<\/div>\n\t\t\t\t\t\t<\/div>\n\t\t\t\t<\/div>\n\t\t\t\t<div class=\"elementor-element elementor-element-18bd490 elementor-position-inline-end elementor-mobile-position-inline-end elementor-view-default elementor-widget elementor-widget-icon-box\" data-id=\"18bd490\" data-element_type=\"widget\" data-e-type=\"widget\" data-widget_type=\"icon-box.default\">\n\t\t\t\t<div class=\"elementor-widget-container\">\n\t\t\t\t\t\t\t<div class=\"elementor-icon-box-wrapper\">\n\n\t\t\t\t\t\t<div class=\"elementor-icon-box-icon\">\n\t\t\t\t<span  class=\"elementor-icon\">\n\t\t\t\t<i aria-hidden=\"true\" class=\"vamtamtheme- vamtam-theme-arrow-right-list\"><\/i>\t\t\t\t<\/span>\n\t\t\t<\/div>\n\t\t\t\n\t\t\t\t\t\t<div class=\"elementor-icon-box-content\">\n\n\t\t\t\t\t\t\t\t\t<div class=\"elementor-icon-box-title\">\n\t\t\t\t\t\t<span  >\n\t\t\t\t\t\t\tProgetti sostenibili, catena di fornitura e conformit\u00e0 europea\t\t\t\t\t\t<\/span>\n\t\t\t\t\t<\/div>\n\t\t\t\t\n\t\t\t\t\t\t\t\t\t<p class=\"elementor-icon-box-description\">\n\t\t\t\t\t\tEsperienza nelle filiere dei biocarburanti, nella certificazione europea, nella logistica internazionale e nell'implementazione di modelli di business sostenibili che rispettino gli standard ambientali e industriali.\t\t\t\t\t<\/p>\n\t\t\t\t\n\t\t\t<\/div>\n\t\t\t\n\t\t<\/div>\n\t\t\t\t\t\t<\/div>\n\t\t\t\t<\/div>\n\t\t\t\t\t<\/div>\n\t\t<\/div>\n\t\t\t\t<div class=\"elementor-column elementor-col-50 elementor-top-column elementor-element elementor-element-1e5aee39\" data-id=\"1e5aee39\" data-element_type=\"column\" data-e-type=\"column\">\n\t\t\t<div class=\"elementor-widget-wrap elementor-element-populated\">\n\t\t\t\t\t\t<section class=\"elementor-section elementor-inner-section elementor-element elementor-element-32a736ea elementor-section-full_width elementor-section-height-default elementor-section-height-default\" data-id=\"32a736ea\" data-element_type=\"section\" data-e-type=\"section\">\n\t\t\t\t\t\t<div class=\"elementor-container elementor-column-gap-no\">\n\t\t\t\t\t<div class=\"elementor-column elementor-col-100 elementor-inner-column elementor-element elementor-element-42c597c4\" data-id=\"42c597c4\" data-element_type=\"column\" data-e-type=\"column\">\n\t\t\t<div class=\"elementor-widget-wrap elementor-element-populated\">\n\t\t\t\t\t\t<div class=\"elementor-element elementor-element-6ab9632b elementor-align-start elementor-icon-list--layout-traditional elementor-list-item-link-full_width elementor-widget elementor-widget-icon-list\" data-id=\"6ab9632b\" data-element_type=\"widget\" data-e-type=\"widget\" data-widget_type=\"icon-list.default\">\n\t\t\t\t<div class=\"elementor-widget-container\">\n\t\t\t\t\t\t\t<ul class=\"elementor-icon-list-items\">\n\t\t\t\t\t\t\t<li class=\"elementor-icon-list-item\">\n\t\t\t\t\t\t\t\t\t\t\t<span class=\"elementor-icon-list-icon\">\n\t\t\t\t\t\t\t<i aria-hidden=\"true\" class=\"vamtamtheme- vamtam-theme-brand-symbol\"><\/i>\t\t\t\t\t\t<\/span>\n\t\t\t\t\t\t\t\t\t\t<span class=\"elementor-icon-list-text\">Informazioni su C\u00e9cile Bourland<\/span>\n\t\t\t\t\t\t\t\t\t<\/li>\n\t\t\t\t\t\t<\/ul>\n\t\t\t\t\t\t<\/div>\n\t\t\t\t<\/div>\n\t\t\t\t<div class=\"vamtam-has-theme-widget-styles elementor-element elementor-element-513ec15e elementor-widget elementor-widget-text-editor\" data-id=\"513ec15e\" data-element_type=\"widget\" data-e-type=\"widget\" data-widget_type=\"text-editor.default\">\n\t\t\t\t<div class=\"elementor-widget-container\">\n\t\t\t\t\t\t\t\t\t<p data-start=\"264\" data-end=\"709\">C\u00e9cile Bourland \u00e8 un'esperta dirigente specializzata in sviluppo internazionale, gestione commerciale e progetti di transizione sostenibile. \u00c8 membro del Consiglio della Camera di Commercio e Industria Francese in Italia e da diversi anni assiste le aziende francesi che desiderano espandersi in Italia, oltre a sostenere le aziende italiane nei loro piani di espansione verso la Francia.<\/p><p data-start=\"711\" data-end=\"975\">Il suo ruolo \u00e8 quello di coordinare una rete di esperti e partner istituzionali per facilitare l'accesso al mercato, strutturare strategie di localizzazione, rafforzare le relazioni bilaterali e sostenere iniziative imprenditoriali transnazionali.<\/p><p data-start=\"977\" data-end=\"1355\">Prima di entrare alla Camera, C\u00e9cile ha ricoperto posizioni di responsabilit\u00e0 in gruppi internazionali come M&amp;G Chemicals e Groupe Danone, sviluppando una solida esperienza nel marketing strategico, nello sviluppo di prodotti, nella gestione di progetti internazionali, nella regolamentazione europea (in particolare nei biocarburanti) e nella negoziazione commerciale su larga scala.<\/p><p data-start=\"1357\" data-end=\"1665\">Con oltre vent'anni di esperienza a Parigi, Londra, Milano e Lussemburgo, ha una conoscenza approfondita delle dinamiche economiche europee e una riconosciuta esperienza nell'aiutare le aziende ad affrontare le sfide della crescita sostenibile, dell'innovazione e della strutturazione internazionale.<\/p><p data-start=\"1667\" data-end=\"1918\">In French Tech Italy, C\u00e9cile utilizza questa esperienza per aiutare l'ecosistema franco-italiano a incoraggiare le sinergie, sostenere la trasformazione digitale e rafforzare l'impatto delle iniziative imprenditoriali tra i due Paesi.<\/p>\t\t\t\t\t\t\t\t<\/div>\n\t\t\t\t<\/div>\n\t\t\t\t<div class=\"elementor-element elementor-element-2e1c6c3 elementor-grid-4 e-grid-align-left elementor-shape-rounded elementor-widget elementor-widget-social-icons\" data-id=\"2e1c6c3\" data-element_type=\"widget\" data-e-type=\"widget\" data-widget_type=\"social-icons.default\">\n\t\t\t\t<div class=\"elementor-widget-container\">\n\t\t\t\t\t\t\t<div class=\"elementor-social-icons-wrapper elementor-grid\" role=\"list\">\n\t\t\t\t\t\t\t<span class=\"elementor-grid-item\" role=\"listitem\">\n\t\t\t\t\t<a class=\"elementor-icon elementor-social-icon elementor-social-icon-linkedin-in elementor-repeater-item-7e9792e\" href=\"https:\/\/www.linkedin.com\/in\/cecile-bourland-88777a13\/\" target=\"_blank\">\n\t\t\t\t\t\t<span class=\"elementor-screen-only\">Linkedin-in<\/span>\n\t\t\t\t\t\t<svg aria-hidden=\"true\" class=\"e-font-icon-svg e-fab-linkedin-in\" viewbox=\"0 0 448 512\" xmlns=\"http:\/\/www.w3.org\/2000\/svg\"><path d=\"M100.28 448H7.4V148.9h92.88zM53.79 108.1C24.09 108.1 0 83.5 0 53.8a53.79 53.79 0 0 1 107.58 0c0 29.7-24.1 54.3-53.79 54.3zM447.9 448h-92.68V302.4c0-34.7-.7-79.2-48.29-79.2-48.29 0-55.69 37.7-55.69 76.7V448h-92.78V148.9h89.08v40.8h1.3c12.4-23.5 42.69-48.3 87.88-48.3 94 0 111.28 61.9 111.28 142.3V448z\"><\/path><\/svg>\t\t\t\t\t<\/a>\n\t\t\t\t<\/span>\n\t\t\t\t\t\t\t<span class=\"elementor-grid-item\" role=\"listitem\">\n\t\t\t\t\t<a class=\"elementor-icon elementor-social-icon elementor-social-icon-envelope elementor-repeater-item-53bb7e8\" href=\"mailto:ciao@lafrenchtechitaly.com\" target=\"_blank\">\n\t\t\t\t\t\t<span class=\"elementor-screen-only\">Busta<\/span>\n\t\t\t\t\t\t<svg aria-hidden=\"true\" class=\"e-font-icon-svg e-fas-envelope\" viewbox=\"0 0 512 512\" xmlns=\"http:\/\/www.w3.org\/2000\/svg\"><path d=\"M502.3 190.8c3.9-3.1 9.7-.2 9.7 4.7V400c0 26.5-21.5 48-48 48H48c-26.5 0-48-21.5-48-48V195.6c0-5 5.7-7.8 9.7-4.7 22.4 17.4 52.1 39.5 154.1 113.6 21.1 15.4 56.7 47.8 92.2 47.6 35.7.3 72-32.8 92.3-47.6 102-74.1 131.6-96.3 154-113.7zM256 320c23.2.4 56.6-29.2 73.4-41.4 132.7-96.3 142.8-104.7 173.4-128.7 5.8-4.5 9.2-11.5 9.2-18.9v-19c0-26.5-21.5-48-48-48H48C21.5 64 0 85.5 0 112v19c0 7.4 3.4 14.3 9.2 18.9 30.6 23.9 40.7 32.4 173.4 128.7 16.8 12.2 50.2 41.8 73.4 41.4z\"><\/path><\/svg>\t\t\t\t\t<\/a>\n\t\t\t\t<\/span>\n\t\t\t\t\t<\/div>\n\t\t\t\t\t\t<\/div>\n\t\t\t\t<\/div>\n\t\t\t\t\t<\/div>\n\t\t<\/div>\n\t\t\t\t\t<\/div>\n\t\t<\/section>\n\t\t\t\t\t<\/div>\n\t\t<\/div>\n\t\t\t\t\t<\/div>\n\t\t<\/section>\n\t\t\t\t<\/div>","protected":false},"excerpt":{"rendered":"<p>Membro French Tech Italy,<\/br>DG CCI Francia-Italia<\/p>","protected":false},"author":1,"featured_media":988805,"parent":899,"menu_order":0,"comment_status":"closed","ping_status":"closed","template":"","meta":{"footnotes":""},"class_list":["post-988799","page","type-page","status-publish","has-post-thumbnail","hentry"],"yoast_head":"<!-- This site is optimized with the Yoast SEO plugin v27.4 - https:\/\/yoast.com\/product\/yoast-seo-wordpress\/ -->\n<title>C\u00e9cile Bourland \u2013 La French Tech Italy<\/title>\n<meta name=\"description\" content=\"C\u00e9cile Bourland est membre du board de La French Tech Italy et Administratrice D\u00e9l\u00e9gu\u00e9e de la Chambre Fran\u00e7aise de Commerce et d\u2019Industrie en Italie, active sur le d\u00e9veloppement international et l\u2019innovation franco-italienne.\" \/>\n<meta name=\"robots\" content=\"index, follow, max-snippet:-1, max-image-preview:large, max-video-preview:-1\" \/>\n<link rel=\"canonical\" href=\"https:\/\/lafrenchtechitaly.com\/it\/il-nostro-board\/cecile-bourland\/\" \/>\n<meta property=\"og:locale\" content=\"it_IT\" \/>\n<meta property=\"og:type\" content=\"article\" \/>\n<meta property=\"og:title\" content=\"C\u00e9cile Bourland \u2013 La French Tech Italy\" \/>\n<meta property=\"og:description\" content=\"C\u00e9cile Bourland est membre du board de La French Tech Italy et Administratrice D\u00e9l\u00e9gu\u00e9e de la Chambre Fran\u00e7aise de Commerce et d\u2019Industrie en Italie, active sur le d\u00e9veloppement international et l\u2019innovation franco-italienne.\" \/>\n<meta property=\"og:url\" content=\"https:\/\/lafrenchtechitaly.com\/it\/il-nostro-board\/cecile-bourland\/\" \/>\n<meta property=\"og:site_name\" content=\"La French Tech Italy\" \/>\n<meta property=\"article:modified_time\" content=\"2026-01-23T10:16:39+00:00\" \/>\n<meta property=\"og:image\" content=\"https:\/\/lafrenchtechitaly.com\/wp-content\/uploads\/2025\/12\/French_Tech_Italy_Cecile.jpg\" \/>\n\t<meta property=\"og:image:width\" content=\"586\" \/>\n\t<meta property=\"og:image:height\" content=\"664\" \/>\n\t<meta property=\"og:image:type\" content=\"image\/jpeg\" \/>\n<meta name=\"twitter:card\" content=\"summary_large_image\" \/>\n<meta name=\"twitter:label1\" content=\"Tempo di lettura stimato\" \/>\n\t<meta name=\"twitter:data1\" content=\"2 minuti\" \/>\n<script type=\"application\/ld+json\" class=\"yoast-schema-graph\">{\"@context\":\"https:\\\/\\\/schema.org\",\"@graph\":[{\"@type\":\"WebPage\",\"@id\":\"https:\\\/\\\/lafrenchtechitaly.com\\\/board\\\/cecile-bourland\\\/\",\"url\":\"https:\\\/\\\/lafrenchtechitaly.com\\\/board\\\/cecile-bourland\\\/\",\"name\":\"C\u00e9cile Bourland \u2013 La French Tech Italy\",\"isPartOf\":{\"@id\":\"https:\\\/\\\/lafrenchtechitaly.com\\\/#website\"},\"primaryImageOfPage\":{\"@id\":\"https:\\\/\\\/lafrenchtechitaly.com\\\/board\\\/cecile-bourland\\\/#primaryimage\"},\"image\":{\"@id\":\"https:\\\/\\\/lafrenchtechitaly.com\\\/board\\\/cecile-bourland\\\/#primaryimage\"},\"thumbnailUrl\":\"https:\\\/\\\/lafrenchtechitaly.com\\\/wp-content\\\/uploads\\\/2025\\\/12\\\/French_Tech_Italy_Cecile.jpg\",\"datePublished\":\"2025-10-13T09:24:23+00:00\",\"dateModified\":\"2026-01-23T10:16:39+00:00\",\"description\":\"C\u00e9cile Bourland est membre du board de La French Tech Italy et Administratrice D\u00e9l\u00e9gu\u00e9e de la Chambre Fran\u00e7aise de Commerce et d\u2019Industrie en Italie, active sur le d\u00e9veloppement international et l\u2019innovation franco-italienne.\",\"breadcrumb\":{\"@id\":\"https:\\\/\\\/lafrenchtechitaly.com\\\/board\\\/cecile-bourland\\\/#breadcrumb\"},\"inLanguage\":\"it-IT\",\"potentialAction\":[{\"@type\":\"ReadAction\",\"target\":[\"https:\\\/\\\/lafrenchtechitaly.com\\\/board\\\/cecile-bourland\\\/\"]}]},{\"@type\":\"ImageObject\",\"inLanguage\":\"it-IT\",\"@id\":\"https:\\\/\\\/lafrenchtechitaly.com\\\/board\\\/cecile-bourland\\\/#primaryimage\",\"url\":\"https:\\\/\\\/lafrenchtechitaly.com\\\/wp-content\\\/uploads\\\/2025\\\/12\\\/French_Tech_Italy_Cecile.jpg\",\"contentUrl\":\"https:\\\/\\\/lafrenchtechitaly.com\\\/wp-content\\\/uploads\\\/2025\\\/12\\\/French_Tech_Italy_Cecile.jpg\",\"width\":586,\"height\":664},{\"@type\":\"BreadcrumbList\",\"@id\":\"https:\\\/\\\/lafrenchtechitaly.com\\\/board\\\/cecile-bourland\\\/#breadcrumb\",\"itemListElement\":[{\"@type\":\"ListItem\",\"position\":1,\"name\":\"Accueil\",\"item\":\"https:\\\/\\\/lafrenchtechitaly.com\\\/\"},{\"@type\":\"ListItem\",\"position\":2,\"name\":\"Board\",\"item\":\"https:\\\/\\\/lafrenchtechitaly.com\\\/board\\\/\"},{\"@type\":\"ListItem\",\"position\":3,\"name\":\"C\u00e9cile Bourland\"}]},{\"@type\":\"WebSite\",\"@id\":\"https:\\\/\\\/lafrenchtechitaly.com\\\/#website\",\"url\":\"https:\\\/\\\/lafrenchtechitaly.com\\\/\",\"name\":\"La French Tech Italy\",\"description\":\"Le r\u00e9seau tech qui unit France et Italie\",\"publisher\":{\"@id\":\"https:\\\/\\\/lafrenchtechitaly.com\\\/#organization\"},\"potentialAction\":[{\"@type\":\"SearchAction\",\"target\":{\"@type\":\"EntryPoint\",\"urlTemplate\":\"https:\\\/\\\/lafrenchtechitaly.com\\\/?s={search_term_string}\"},\"query-input\":{\"@type\":\"PropertyValueSpecification\",\"valueRequired\":true,\"valueName\":\"search_term_string\"}}],\"inLanguage\":\"it-IT\"},{\"@type\":\"Organization\",\"@id\":\"https:\\\/\\\/lafrenchtechitaly.com\\\/#organization\",\"name\":\"La French Tech Italy\",\"url\":\"https:\\\/\\\/lafrenchtechitaly.com\\\/\",\"logo\":{\"@type\":\"ImageObject\",\"inLanguage\":\"it-IT\",\"@id\":\"https:\\\/\\\/lafrenchtechitaly.com\\\/#\\\/schema\\\/logo\\\/image\\\/\",\"url\":\"https:\\\/\\\/lafrenchtechitaly.com\\\/wp-content\\\/uploads\\\/2025\\\/12\\\/LOGO_FT_1.png\",\"contentUrl\":\"https:\\\/\\\/lafrenchtechitaly.com\\\/wp-content\\\/uploads\\\/2025\\\/12\\\/LOGO_FT_1.png\",\"width\":351,\"height\":121,\"caption\":\"La French Tech Italy\"},\"image\":{\"@id\":\"https:\\\/\\\/lafrenchtechitaly.com\\\/#\\\/schema\\\/logo\\\/image\\\/\"},\"sameAs\":[\"https:\\\/\\\/www.linkedin.com\\\/company\\\/la-french-tech-italy\\\/\"]}]}<\/script>\n<!-- \/ Yoast SEO plugin. -->","yoast_head_json":{"title":"C\u00e9cile Bourland - La French Tech Italia","description":"C\u00e9cile Bourland \u00e8 membro del consiglio di amministrazione di La French Tech Italia e consigliere delegato della Camera di Commercio e Industria Francese in Italia, attiva nello sviluppo internazionale e nell'innovazione franco-italiana.","robots":{"index":"index","follow":"follow","max-snippet":"max-snippet:-1","max-image-preview":"max-image-preview:large","max-video-preview":"max-video-preview:-1"},"canonical":"https:\/\/lafrenchtechitaly.com\/it\/il-nostro-board\/cecile-bourland\/","og_locale":"it_IT","og_type":"article","og_title":"C\u00e9cile Bourland \u2013 La French Tech Italy","og_description":"C\u00e9cile Bourland est membre du board de La French Tech Italy et Administratrice D\u00e9l\u00e9gu\u00e9e de la Chambre Fran\u00e7aise de Commerce et d\u2019Industrie en Italie, active sur le d\u00e9veloppement international et l\u2019innovation franco-italienne.","og_url":"https:\/\/lafrenchtechitaly.com\/it\/il-nostro-board\/cecile-bourland\/","og_site_name":"La French Tech Italy","article_modified_time":"2026-01-23T10:16:39+00:00","og_image":[{"width":586,"height":664,"url":"https:\/\/lafrenchtechitaly.com\/wp-content\/uploads\/2025\/12\/French_Tech_Italy_Cecile.jpg","type":"image\/jpeg"}],"twitter_card":"summary_large_image","twitter_misc":{"Tempo di lettura stimato":"2 minuti"},"schema":{"@context":"https:\/\/schema.org","@graph":[{"@type":"WebPage","@id":"https:\/\/lafrenchtechitaly.com\/board\/cecile-bourland\/","url":"https:\/\/lafrenchtechitaly.com\/board\/cecile-bourland\/","name":"C\u00e9cile Bourland - La French Tech Italia","isPartOf":{"@id":"https:\/\/lafrenchtechitaly.com\/#website"},"primaryImageOfPage":{"@id":"https:\/\/lafrenchtechitaly.com\/board\/cecile-bourland\/#primaryimage"},"image":{"@id":"https:\/\/lafrenchtechitaly.com\/board\/cecile-bourland\/#primaryimage"},"thumbnailUrl":"https:\/\/lafrenchtechitaly.com\/wp-content\/uploads\/2025\/12\/French_Tech_Italy_Cecile.jpg","datePublished":"2025-10-13T09:24:23+00:00","dateModified":"2026-01-23T10:16:39+00:00","description":"C\u00e9cile Bourland \u00e8 membro del consiglio di amministrazione di La French Tech Italia e consigliere delegato della Camera di Commercio e Industria Francese in Italia, attiva nello sviluppo internazionale e nell'innovazione franco-italiana.","breadcrumb":{"@id":"https:\/\/lafrenchtechitaly.com\/board\/cecile-bourland\/#breadcrumb"},"inLanguage":"it-IT","potentialAction":[{"@type":"ReadAction","target":["https:\/\/lafrenchtechitaly.com\/board\/cecile-bourland\/"]}]},{"@type":"ImageObject","inLanguage":"it-IT","@id":"https:\/\/lafrenchtechitaly.com\/board\/cecile-bourland\/#primaryimage","url":"https:\/\/lafrenchtechitaly.com\/wp-content\/uploads\/2025\/12\/French_Tech_Italy_Cecile.jpg","contentUrl":"https:\/\/lafrenchtechitaly.com\/wp-content\/uploads\/2025\/12\/French_Tech_Italy_Cecile.jpg","width":586,"height":664},{"@type":"BreadcrumbList","@id":"https:\/\/lafrenchtechitaly.com\/board\/cecile-bourland\/#breadcrumb","itemListElement":[{"@type":"ListItem","position":1,"name":"Accueil","item":"https:\/\/lafrenchtechitaly.com\/"},{"@type":"ListItem","position":2,"name":"Board","item":"https:\/\/lafrenchtechitaly.com\/board\/"},{"@type":"ListItem","position":3,"name":"C\u00e9cile Bourland"}]},{"@type":"WebSite","@id":"https:\/\/lafrenchtechitaly.com\/#website","url":"https:\/\/lafrenchtechitaly.com\/","name":"La French Tech Italy","description":"La rete tecnologica che unisce Francia e Italia","publisher":{"@id":"https:\/\/lafrenchtechitaly.com\/#organization"},"potentialAction":[{"@type":"SearchAction","target":{"@type":"EntryPoint","urlTemplate":"https:\/\/lafrenchtechitaly.com\/?s={search_term_string}"},"query-input":{"@type":"PropertyValueSpecification","valueRequired":true,"valueName":"search_term_string"}}],"inLanguage":"it-IT"},{"@type":"Organization","@id":"https:\/\/lafrenchtechitaly.com\/#organization","name":"La French Tech Italy","url":"https:\/\/lafrenchtechitaly.com\/","logo":{"@type":"ImageObject","inLanguage":"it-IT","@id":"https:\/\/lafrenchtechitaly.com\/#\/schema\/logo\/image\/","url":"https:\/\/lafrenchtechitaly.com\/wp-content\/uploads\/2025\/12\/LOGO_FT_1.png","contentUrl":"https:\/\/lafrenchtechitaly.com\/wp-content\/uploads\/2025\/12\/LOGO_FT_1.png","width":351,"height":121,"caption":"La French Tech Italy"},"image":{"@id":"https:\/\/lafrenchtechitaly.com\/#\/schema\/logo\/image\/"},"sameAs":["https:\/\/www.linkedin.com\/company\/la-french-tech-italy\/"]}]}},"_links":{"self":[{"href":"https:\/\/lafrenchtechitaly.com\/it\/wp-json\/wp\/v2\/pages\/988799","targetHints":{"allow":["GET"]}}],"collection":[{"href":"https:\/\/lafrenchtechitaly.com\/it\/wp-json\/wp\/v2\/pages"}],"about":[{"href":"https:\/\/lafrenchtechitaly.com\/it\/wp-json\/wp\/v2\/types\/page"}],"author":[{"embeddable":true,"href":"https:\/\/lafrenchtechitaly.com\/it\/wp-json\/wp\/v2\/users\/1"}],"replies":[{"embeddable":true,"href":"https:\/\/lafrenchtechitaly.com\/it\/wp-json\/wp\/v2\/comments?post=988799"}],"version-history":[{"count":7,"href":"https:\/\/lafrenchtechitaly.com\/it\/wp-json\/wp\/v2\/pages\/988799\/revisions"}],"predecessor-version":[{"id":988811,"href":"https:\/\/lafrenchtechitaly.com\/it\/wp-json\/wp\/v2\/pages\/988799\/revisions\/988811"}],"up":[{"embeddable":true,"href":"https:\/\/lafrenchtechitaly.com\/it\/wp-json\/wp\/v2\/pages\/899"}],"wp:featuredmedia":[{"embeddable":true,"href":"https:\/\/lafrenchtechitaly.com\/it\/wp-json\/wp\/v2\/media\/988805"}],"wp:attachment":[{"href":"https:\/\/lafrenchtechitaly.com\/it\/wp-json\/wp\/v2\/media?parent=988799"}],"curies":[{"name":"wp","href":"https:\/\/api.w.org\/{rel}","templated":true}]}}